{"id":1489,"date":"2022-09-13T13:58:22","date_gmt":"2022-09-13T18:58:22","guid":{"rendered":"https:\/\/www.colombiainteligente.org\/producto\/tecnologias-flexibles\/"},"modified":"2023-05-20T11:45:11","modified_gmt":"2023-05-20T16:45:11","slug":"tecnologias-flexibles","status":"publish","type":"product","link":"https:\/\/colombiainteligente.org\/es_co\/product\/tecnologias-flexibles\/","title":{"rendered":"Tecnolog\u00edas para la Operaci\u00f3n Flexible del Sistema El\u00e9ctrico (Referenciamiento)"},"content":{"rendered":"<p>Este documento identifica avances a nivel internacional, analizando y priorizando tecnolog\u00edas FACTS, Almacenamiento y HVDC, y aspectos asociados a telecomunicaciones y la medici\u00f3n fasorial. Para cumplir con dicho objetivo se estructuro en 5 partes, las cuales se describen a continuaci\u00f3n:<\/p>\n<ol>\n<li>\u00a0<strong>INTRODUCCI\u00d3N:<\/strong> En esta secci\u00f3n se presenta una visi\u00f3n general de las tecnolog\u00edas flexibles, los FACTS y algunas de sus funcionalidades.<\/li>\n<li>\u00a0<strong>OPERACI\u00d3N FLEXIBLE DE LOS SISTEMAS DE POTENCIA:<\/strong> En esta secci\u00f3n se muestra una contextualizaci\u00f3n sobre la operaci\u00f3n flexible de los sistemas de potencia y las caracter\u00edsticas de coordinaci\u00f3n para lograrla, tambi\u00e9n los roles que se deben tener en cuenta, y finalmente se hace una descripci\u00f3n de los elementos principales de Las Redes Inteligentes de Alta Tensi\u00f3n \u2013 RIAT, tendencias, t\u00e9cnicas y esquemas de las mejores pr\u00e1cticas para la operaci\u00f3n flexible.<\/li>\n<li><strong>TECNOLOG\u00cdAS FLEXIBLES:<\/strong> Esta secci\u00f3n ilustra las diferentes tecnolog\u00edas para la operaci\u00f3n flexible, tales como los equipos asociados a servicios de la red (compensadores en serie e h\u00edbridos, transmisores de CA, Compensador Est\u00e1tico S\u00edncrono en Serie, Almacenamiento de Energ\u00eda, Transformadores Desfasadores, HVDC \u2013 Estaciones convertidoras) y los servicios de soporte (Medici\u00f3n Sincrofasorial, Sincronizaci\u00f3n de tiempo y Sistemas de Telecomunicaciones).<\/li>\n<li><strong>CASOS DE ESTUDIO:<\/strong> Se describen 8 experiencias internacionales realizadas en Norteam\u00e9rica, Europa, Suram\u00e9rica, Asia y Ocean\u00eda acerca de la implementaci\u00f3n de proyectos con FACTS, adem\u00e1s se describen lecciones aprendidas en estos casos.<\/li>\n<li><strong>AVANCES COLOMBIA:<\/strong> En este numeral se explican experiencias sobre el uso de SVCs, STATCOM. y SSSC identificadas, en las diferentes regiones del pa\u00eds; de igual manera se muestran las publicaciones acad\u00e9micas que se han desarrollado desde el 2010 sobre estos temas.<\/li>\n<\/ol>\n<p>Abril 2020<\/p>\n<p>&nbsp;<\/p>\n<div style=\"text-align:center\" class=\"yasr-auto-insert-visitor\"><\/div>","protected":false},"excerpt":{"rendered":"<p>Referenciamiento: tecnolog\u00edas para la operaci\u00f3n flexible del sistema el\u00e9ctrico<\/p>","protected":false},"featured_media":1592,"comment_status":"open","ping_status":"closed","template":"","meta":{"yasr_overall_rating":0,"yasr_post_is_review":"","yasr_auto_insert_disabled":"","yasr_review_type":""},"product_cat":[35,36],"product_tag":[24],"class_list":["post-1489","product","type-product","status-publish","has-post-thumbnail","hentry","product_cat-garantizar-confiabilidad-resiliencia-e-interoperabilidad-en-el-servicio","product_cat-red-flexible-automatizada-y-digital","product_tag-en-investigacion"],"yasr_visitor_votes":{"number_of_votes":0,"sum_votes":0,"stars_attributes":{"read_only":false,"span_bottom":false}},"yoast_head":"<!-- This site is optimized with the Yoast SEO plugin v27.3 - https:\/\/yoast.com\/product\/yoast-seo-wordpress\/ -->\n<title>Tecnolog\u00edas para la Operaci\u00f3n Flexible del Sistema El\u00e9ctrico (Referenciamiento) - Colombia Inteligente<\/title>\n<meta name=\"robots\" content=\"index, follow, max-snippet:-1, max-image-preview:large, max-video-preview:-1\" \/>\n<link rel=\"canonical\" href=\"https:\/\/colombiainteligente.org\/es_co\/product\/tecnologias-flexibles\/\" \/>\n<meta property=\"og:locale\" content=\"es_ES\" \/>\n<meta property=\"og:type\" content=\"article\" \/>\n<meta property=\"og:title\" content=\"Tecnolog\u00edas para la Operaci\u00f3n Flexible del Sistema El\u00e9ctrico (Referenciamiento) - Colombia Inteligente\" \/>\n<meta property=\"og:description\" content=\"Referenciamiento: tecnolog\u00edas para la operaci\u00f3n flexible del sistema el\u00e9ctrico\" \/>\n<meta property=\"og:url\" content=\"https:\/\/colombiainteligente.org\/es_co\/product\/tecnologias-flexibles\/\" \/>\n<meta property=\"og:site_name\" content=\"Colombia Inteligente\" \/>\n<meta property=\"article:modified_time\" content=\"2023-05-20T16:45:11+00:00\" \/>\n<meta property=\"og:image\" content=\"https:\/\/colombiainteligente.org\/wp-content\/uploads\/2022\/09\/Tecnologi\u0301as-Flexibles.jpg\" \/>\n\t<meta property=\"og:image:width\" content=\"634\" \/>\n\t<meta property=\"og:image:height\" content=\"822\" \/>\n\t<meta property=\"og:image:type\" content=\"image\/jpeg\" \/>\n<meta name=\"twitter:card\" content=\"summary_large_image\" \/>\n<meta name=\"twitter:site\" content=\"@colombiaintelig\" \/>\n<meta name=\"twitter:label1\" content=\"Tiempo estimado de lectura\" \/>\n\t<meta name=\"twitter:data1\" content=\"1 minute\" \/>\n<script type=\"application\/ld+json\" class=\"yoast-schema-graph\">{\"@context\":\"https:\\\/\\\/schema.org\",\"@graph\":[{\"@type\":\"WebPage\",\"@id\":\"https:\\\/\\\/colombiainteligente.org\\\/producto\\\/tecnologias-flexibles\\\/\",\"url\":\"https:\\\/\\\/colombiainteligente.org\\\/producto\\\/tecnologias-flexibles\\\/\",\"name\":\"Tecnolog\u00edas para la Operaci\u00f3n Flexible del Sistema El\u00e9ctrico (Referenciamiento) - Colombia Inteligente\",\"isPartOf\":{\"@id\":\"https:\\\/\\\/colombiainteligente.org\\\/#website\"},\"primaryImageOfPage\":{\"@id\":\"https:\\\/\\\/colombiainteligente.org\\\/producto\\\/tecnologias-flexibles\\\/#primaryimage\"},\"image\":{\"@id\":\"https:\\\/\\\/colombiainteligente.org\\\/producto\\\/tecnologias-flexibles\\\/#primaryimage\"},\"thumbnailUrl\":\"https:\\\/\\\/colombiainteligente.org\\\/wp-content\\\/uploads\\\/2022\\\/09\\\/Tecnologi\u0301as-Flexibles.jpg\",\"datePublished\":\"2022-09-13T18:58:22+00:00\",\"dateModified\":\"2023-05-20T16:45:11+00:00\",\"breadcrumb\":{\"@id\":\"https:\\\/\\\/colombiainteligente.org\\\/producto\\\/tecnologias-flexibles\\\/#breadcrumb\"},\"inLanguage\":\"es-CO\",\"potentialAction\":[{\"@type\":\"ReadAction\",\"target\":[\"https:\\\/\\\/colombiainteligente.org\\\/producto\\\/tecnologias-flexibles\\\/\"]}]},{\"@type\":\"ImageObject\",\"inLanguage\":\"es-CO\",\"@id\":\"https:\\\/\\\/colombiainteligente.org\\\/producto\\\/tecnologias-flexibles\\\/#primaryimage\",\"url\":\"https:\\\/\\\/colombiainteligente.org\\\/wp-content\\\/uploads\\\/2022\\\/09\\\/Tecnologi\u0301as-Flexibles.jpg\",\"contentUrl\":\"https:\\\/\\\/colombiainteligente.org\\\/wp-content\\\/uploads\\\/2022\\\/09\\\/Tecnologi\u0301as-Flexibles.jpg\",\"width\":634,\"height\":822,\"caption\":\"Tecnologi\u0301as Flexibles\"},{\"@type\":\"BreadcrumbList\",\"@id\":\"https:\\\/\\\/colombiainteligente.org\\\/producto\\\/tecnologias-flexibles\\\/#breadcrumb\",\"itemListElement\":[{\"@type\":\"ListItem\",\"position\":1,\"name\":\"Portada\",\"item\":\"https:\\\/\\\/colombiainteligente.org\\\/\"},{\"@type\":\"ListItem\",\"position\":2,\"name\":\"Tienda\",\"item\":\"https:\\\/\\\/colombiainteligente.org\\\/tienda\\\/\"},{\"@type\":\"ListItem\",\"position\":3,\"name\":\"Tecnolog\u00edas para la Operaci\u00f3n Flexible del Sistema El\u00e9ctrico (Referenciamiento)\"}]},{\"@type\":\"WebSite\",\"@id\":\"https:\\\/\\\/colombiainteligente.org\\\/#website\",\"url\":\"https:\\\/\\\/colombiainteligente.org\\\/\",\"name\":\"Colombia Inteligente\",\"description\":\"Alianza estrat\u00e9gica, conformada por empresas y entidades, para la inserci\u00f3n integral y eficiente de las redes inteligentes a la infraestructura del sector el\u00e9ctrico colombiano\",\"publisher\":{\"@id\":\"https:\\\/\\\/colombiainteligente.org\\\/#organization\"},\"potentialAction\":[{\"@type\":\"SearchAction\",\"target\":{\"@type\":\"EntryPoint\",\"urlTemplate\":\"https:\\\/\\\/colombiainteligente.org\\\/?s={search_term_string}\"},\"query-input\":{\"@type\":\"PropertyValueSpecification\",\"valueRequired\":true,\"valueName\":\"search_term_string\"}}],\"inLanguage\":\"es-CO\"},{\"@type\":\"Organization\",\"@id\":\"https:\\\/\\\/colombiainteligente.org\\\/#organization\",\"name\":\"Colombia Inteligente\",\"url\":\"https:\\\/\\\/colombiainteligente.org\\\/\",\"logo\":{\"@type\":\"ImageObject\",\"inLanguage\":\"es-CO\",\"@id\":\"https:\\\/\\\/colombiainteligente.org\\\/#\\\/schema\\\/logo\\\/image\\\/\",\"url\":\"https:\\\/\\\/colombiainteligente.org\\\/wp-content\\\/uploads\\\/2022\\\/07\\\/Image.png\",\"contentUrl\":\"https:\\\/\\\/colombiainteligente.org\\\/wp-content\\\/uploads\\\/2022\\\/07\\\/Image.png\",\"width\":588,\"height\":274,\"caption\":\"Colombia Inteligente\"},\"image\":{\"@id\":\"https:\\\/\\\/colombiainteligente.org\\\/#\\\/schema\\\/logo\\\/image\\\/\"},\"sameAs\":[\"https:\\\/\\\/x.com\\\/colombiaintelig\",\"https:\\\/\\\/www.linkedin.com\\\/company\\\/colombiainteligente\\\/\"]}]}<\/script>\n<!-- \/ Yoast SEO plugin. -->","yoast_head_json":{"title":"Tecnolog\u00edas para la Operaci\u00f3n Flexible del Sistema El\u00e9ctrico (Referenciamiento) - Colombia Inteligente","robots":{"index":"index","follow":"follow","max-snippet":"max-snippet:-1","max-image-preview":"max-image-preview:large","max-video-preview":"max-video-preview:-1"},"canonical":"https:\/\/colombiainteligente.org\/es_co\/product\/tecnologias-flexibles\/","og_locale":"es_ES","og_type":"article","og_title":"Tecnolog\u00edas para la Operaci\u00f3n Flexible del Sistema El\u00e9ctrico (Referenciamiento) - Colombia Inteligente","og_description":"Referenciamiento: tecnolog\u00edas para la operaci\u00f3n flexible del sistema el\u00e9ctrico","og_url":"https:\/\/colombiainteligente.org\/es_co\/product\/tecnologias-flexibles\/","og_site_name":"Colombia Inteligente","article_modified_time":"2023-05-20T16:45:11+00:00","og_image":[{"width":634,"height":822,"url":"https:\/\/colombiainteligente.org\/wp-content\/uploads\/2022\/09\/Tecnologi\u0301as-Flexibles.jpg","type":"image\/jpeg"}],"twitter_card":"summary_large_image","twitter_site":"@colombiaintelig","twitter_misc":{"Tiempo estimado de lectura":"1 minute"},"schema":{"@context":"https:\/\/schema.org","@graph":[{"@type":"WebPage","@id":"https:\/\/colombiainteligente.org\/producto\/tecnologias-flexibles\/","url":"https:\/\/colombiainteligente.org\/producto\/tecnologias-flexibles\/","name":"Tecnolog\u00edas para la Operaci\u00f3n Flexible del Sistema El\u00e9ctrico (Referenciamiento) - Colombia Inteligente","isPartOf":{"@id":"https:\/\/colombiainteligente.org\/#website"},"primaryImageOfPage":{"@id":"https:\/\/colombiainteligente.org\/producto\/tecnologias-flexibles\/#primaryimage"},"image":{"@id":"https:\/\/colombiainteligente.org\/producto\/tecnologias-flexibles\/#primaryimage"},"thumbnailUrl":"https:\/\/colombiainteligente.org\/wp-content\/uploads\/2022\/09\/Tecnologi\u0301as-Flexibles.jpg","datePublished":"2022-09-13T18:58:22+00:00","dateModified":"2023-05-20T16:45:11+00:00","breadcrumb":{"@id":"https:\/\/colombiainteligente.org\/producto\/tecnologias-flexibles\/#breadcrumb"},"inLanguage":"es-CO","potentialAction":[{"@type":"ReadAction","target":["https:\/\/colombiainteligente.org\/producto\/tecnologias-flexibles\/"]}]},{"@type":"ImageObject","inLanguage":"es-CO","@id":"https:\/\/colombiainteligente.org\/producto\/tecnologias-flexibles\/#primaryimage","url":"https:\/\/colombiainteligente.org\/wp-content\/uploads\/2022\/09\/Tecnologi\u0301as-Flexibles.jpg","contentUrl":"https:\/\/colombiainteligente.org\/wp-content\/uploads\/2022\/09\/Tecnologi\u0301as-Flexibles.jpg","width":634,"height":822,"caption":"Tecnologi\u0301as Flexibles"},{"@type":"BreadcrumbList","@id":"https:\/\/colombiainteligente.org\/producto\/tecnologias-flexibles\/#breadcrumb","itemListElement":[{"@type":"ListItem","position":1,"name":"Portada","item":"https:\/\/colombiainteligente.org\/"},{"@type":"ListItem","position":2,"name":"Tienda","item":"https:\/\/colombiainteligente.org\/tienda\/"},{"@type":"ListItem","position":3,"name":"Tecnolog\u00edas para la Operaci\u00f3n Flexible del Sistema El\u00e9ctrico (Referenciamiento)"}]},{"@type":"WebSite","@id":"https:\/\/colombiainteligente.org\/#website","url":"https:\/\/colombiainteligente.org\/","name":"Colombia Inteligente","description":"Alianza estrat\u00e9gica, conformada por empresas y entidades, para la inserci\u00f3n integral y eficiente de las redes inteligentes a la infraestructura del sector el\u00e9ctrico colombiano","publisher":{"@id":"https:\/\/colombiainteligente.org\/#organization"},"potentialAction":[{"@type":"SearchAction","target":{"@type":"EntryPoint","urlTemplate":"https:\/\/colombiainteligente.org\/?s={search_term_string}"},"query-input":{"@type":"PropertyValueSpecification","valueRequired":true,"valueName":"search_term_string"}}],"inLanguage":"es-CO"},{"@type":"Organization","@id":"https:\/\/colombiainteligente.org\/#organization","name":"Colombia Inteligente","url":"https:\/\/colombiainteligente.org\/","logo":{"@type":"ImageObject","inLanguage":"es-CO","@id":"https:\/\/colombiainteligente.org\/#\/schema\/logo\/image\/","url":"https:\/\/colombiainteligente.org\/wp-content\/uploads\/2022\/07\/Image.png","contentUrl":"https:\/\/colombiainteligente.org\/wp-content\/uploads\/2022\/07\/Image.png","width":588,"height":274,"caption":"Colombia Inteligente"},"image":{"@id":"https:\/\/colombiainteligente.org\/#\/schema\/logo\/image\/"},"sameAs":["https:\/\/x.com\/colombiaintelig","https:\/\/www.linkedin.com\/company\/colombiainteligente\/"]}]}},"_links":{"self":[{"href":"https:\/\/colombiainteligente.org\/es_co\/wp-json\/wp\/v2\/product\/1489","targetHints":{"allow":["GET"]}}],"collection":[{"href":"https:\/\/colombiainteligente.org\/es_co\/wp-json\/wp\/v2\/product"}],"about":[{"href":"https:\/\/colombiainteligente.org\/es_co\/wp-json\/wp\/v2\/types\/product"}],"replies":[{"embeddable":true,"href":"https:\/\/colombiainteligente.org\/es_co\/wp-json\/wp\/v2\/comments?post=1489"}],"wp:featuredmedia":[{"embeddable":true,"href":"https:\/\/colombiainteligente.org\/es_co\/wp-json\/wp\/v2\/media\/1592"}],"wp:attachment":[{"href":"https:\/\/colombiainteligente.org\/es_co\/wp-json\/wp\/v2\/media?parent=1489"}],"wp:term":[{"taxonomy":"product_cat","embeddable":true,"href":"https:\/\/colombiainteligente.org\/es_co\/wp-json\/wp\/v2\/product_cat?post=1489"},{"taxonomy":"product_tag","embeddable":true,"href":"https:\/\/colombiainteligente.org\/es_co\/wp-json\/wp\/v2\/product_tag?post=1489"}],"curies":[{"name":"wp","href":"https:\/\/api.w.org\/{rel}","templated":true}]}}