{"id":27669,"date":"2023-01-27T16:04:56","date_gmt":"2023-01-27T21:04:56","guid":{"rendered":"https:\/\/colombiainteligente.org\/?post_type=product&#038;p=27669"},"modified":"2023-01-27T18:52:34","modified_gmt":"2023-01-27T23:52:34","slug":"metricas-modernizacion-red-referenciamiento","status":"publish","type":"product","link":"https:\/\/colombiainteligente.org\/es_co\/product\/metricas-modernizacion-red-referenciamiento\/","title":{"rendered":"M\u00e9tricas Modernizaci\u00f3n Red: Referenciamiento"},"content":{"rendered":"<p>El presente documento busca identificar las tendencias de la modernizaci\u00f3n y transformaci\u00f3n de las redes el\u00e9ctricas, y las m\u00e9tricas utilizadas para tal fin, enfocadas en los sistemas el\u00e9ctricos, la modernizaci\u00f3n o digitalizaci\u00f3n como tal, la resiliencia y la flexibilidad. La estructura de este documento es la siguiente:<\/p>\n<ol>\n<li><strong>M\u00c9TRICAS EN LOS SISTEMAS EL\u00c9CTRICOS:<\/strong> Se presenta en este numeral las m\u00e9tricas en los sistemas el\u00e9ctricos, porque son importantes y para qu\u00e9 son. Dentro de estas m\u00e9tricas del sistema se tratan las caracter\u00edsticas claves en la confianza de los sistemas el\u00e9ctricos. Estas caracter\u00edsticas act\u00faan como mapa en el cual no todos los s\u00edmbolos y caracter\u00edsticas ser\u00e1n relevantes, e incluso entre las caracter\u00edsticas relevantes, algunas ser\u00e1n m\u00e1s importantes que otras.<\/li>\n<li><strong>M\u00c9TRICAS PARA MODERNIZACI\u00d3N\/DIGITALIZACI\u00d3N:<\/strong> Par lograr medir que tan modernizado est\u00e1 el sistema el\u00e9ctrico se han venido desarrollando una serie de m\u00e9tricas tendientes a presentar el estado de la red. Para esto, se tienen diferentes indicadores tales como: Indicadores de dispositivos, Indicadores de sistema,\u00a0 Indicadores de consumo.<\/li>\n<li><strong>M\u00c9TRICAS PARA LA RESILIENCIA:<\/strong> Para lograr ver el estado del sistema desde el punto de la resiliencia, se plantean entonces una serie de atributos de las m\u00e9tricas para la resiliencia. Luego se presenta un gran marco conceptual para las m\u00e9tricas de la resiliencia del sector el\u00e9ctrico.<\/li>\n<li><strong>M\u00c9TRICAS PARA LA FLEXIBILIDAD:<\/strong> Esta secci\u00f3n analiza las diferentes m\u00e9tricas utilizadas para medir la flexibilidad en los sistemas el\u00e9ctricos.<\/li>\n<li><strong>AVANCES COLOMBIA:<\/strong> En esta \u00faltima secci\u00f3n se listan las publicaciones identificadas en Colombia para las m\u00e9tricas de la modernizaci\u00f3n de la red, teniendo en cuenta aportes generados por la academia, por el sector empresarial y por el mismo estado.<\/li>\n<\/ol>\n<p>Octubre de 2021<\/p>\n<div style=\"text-align:center\" class=\"yasr-auto-insert-visitor\"><\/div>","protected":false},"excerpt":{"rendered":"<p>M\u00e9tricas Modernizaci\u00f3n Red: Referenciamiento<\/p>","protected":false},"featured_media":27671,"comment_status":"open","ping_status":"closed","template":"","meta":{"yasr_overall_rating":0,"yasr_post_is_review":"","yasr_auto_insert_disabled":"","yasr_review_type":""},"product_cat":[39,40],"product_tag":[25],"class_list":["post-27669","product","type-product","status-publish","has-post-thumbnail","hentry","product_cat-recursos-distribuidos","product_cat-tecnicas-servicios-transaccionales","product_tag-aplicaciones-focales"],"yasr_visitor_votes":{"number_of_votes":0,"sum_votes":0,"stars_attributes":{"read_only":false,"span_bottom":false}},"yoast_head":"<!-- This site is optimized with the Yoast SEO plugin v27.3 - https:\/\/yoast.com\/product\/yoast-seo-wordpress\/ -->\n<title>M\u00e9tricas Modernizaci\u00f3n Red: Referenciamiento - Colombia Inteligente<\/title>\n<meta name=\"robots\" content=\"index, follow, max-snippet:-1, max-image-preview:large, max-video-preview:-1\" \/>\n<link rel=\"canonical\" href=\"https:\/\/colombiainteligente.org\/es_co\/product\/metricas-modernizacion-red-referenciamiento\/\" \/>\n<meta property=\"og:locale\" content=\"es_ES\" \/>\n<meta property=\"og:type\" content=\"article\" \/>\n<meta property=\"og:title\" content=\"M\u00e9tricas Modernizaci\u00f3n Red: Referenciamiento - Colombia Inteligente\" \/>\n<meta property=\"og:description\" content=\"M\u00e9tricas Modernizaci\u00f3n Red: Referenciamiento\" \/>\n<meta property=\"og:url\" content=\"https:\/\/colombiainteligente.org\/es_co\/product\/metricas-modernizacion-red-referenciamiento\/\" \/>\n<meta property=\"og:site_name\" content=\"Colombia Inteligente\" \/>\n<meta property=\"article:modified_time\" content=\"2023-01-27T23:52:34+00:00\" \/>\n<meta property=\"og:image\" content=\"https:\/\/colombiainteligente.org\/wp-content\/uploads\/2023\/01\/Ref-metricas-modernizacion.png\" \/>\n\t<meta property=\"og:image:width\" content=\"544\" \/>\n\t<meta property=\"og:image:height\" content=\"704\" \/>\n\t<meta property=\"og:image:type\" content=\"image\/png\" \/>\n<meta name=\"twitter:card\" content=\"summary_large_image\" \/>\n<meta name=\"twitter:site\" content=\"@colombiaintelig\" \/>\n<meta name=\"twitter:label1\" content=\"Tiempo estimado de lectura\" \/>\n\t<meta name=\"twitter:data1\" content=\"2 minutes\" \/>\n<script type=\"application\/ld+json\" class=\"yoast-schema-graph\">{\"@context\":\"https:\\\/\\\/schema.org\",\"@graph\":[{\"@type\":\"WebPage\",\"@id\":\"https:\\\/\\\/colombiainteligente.org\\\/producto\\\/metricas-modernizacion-red-referenciamiento\\\/\",\"url\":\"https:\\\/\\\/colombiainteligente.org\\\/producto\\\/metricas-modernizacion-red-referenciamiento\\\/\",\"name\":\"M\u00e9tricas Modernizaci\u00f3n Red: Referenciamiento - Colombia Inteligente\",\"isPartOf\":{\"@id\":\"https:\\\/\\\/colombiainteligente.org\\\/#website\"},\"primaryImageOfPage\":{\"@id\":\"https:\\\/\\\/colombiainteligente.org\\\/producto\\\/metricas-modernizacion-red-referenciamiento\\\/#primaryimage\"},\"image\":{\"@id\":\"https:\\\/\\\/colombiainteligente.org\\\/producto\\\/metricas-modernizacion-red-referenciamiento\\\/#primaryimage\"},\"thumbnailUrl\":\"https:\\\/\\\/colombiainteligente.org\\\/wp-content\\\/uploads\\\/2023\\\/01\\\/Ref-metricas-modernizacion.png\",\"datePublished\":\"2023-01-27T21:04:56+00:00\",\"dateModified\":\"2023-01-27T23:52:34+00:00\",\"breadcrumb\":{\"@id\":\"https:\\\/\\\/colombiainteligente.org\\\/producto\\\/metricas-modernizacion-red-referenciamiento\\\/#breadcrumb\"},\"inLanguage\":\"es-CO\",\"potentialAction\":[{\"@type\":\"ReadAction\",\"target\":[\"https:\\\/\\\/colombiainteligente.org\\\/producto\\\/metricas-modernizacion-red-referenciamiento\\\/\"]}]},{\"@type\":\"ImageObject\",\"inLanguage\":\"es-CO\",\"@id\":\"https:\\\/\\\/colombiainteligente.org\\\/producto\\\/metricas-modernizacion-red-referenciamiento\\\/#primaryimage\",\"url\":\"https:\\\/\\\/colombiainteligente.org\\\/wp-content\\\/uploads\\\/2023\\\/01\\\/Ref-metricas-modernizacion.png\",\"contentUrl\":\"https:\\\/\\\/colombiainteligente.org\\\/wp-content\\\/uploads\\\/2023\\\/01\\\/Ref-metricas-modernizacion.png\",\"width\":544,\"height\":704},{\"@type\":\"BreadcrumbList\",\"@id\":\"https:\\\/\\\/colombiainteligente.org\\\/producto\\\/metricas-modernizacion-red-referenciamiento\\\/#breadcrumb\",\"itemListElement\":[{\"@type\":\"ListItem\",\"position\":1,\"name\":\"Portada\",\"item\":\"https:\\\/\\\/colombiainteligente.org\\\/\"},{\"@type\":\"ListItem\",\"position\":2,\"name\":\"Tienda\",\"item\":\"https:\\\/\\\/colombiainteligente.org\\\/tienda\\\/\"},{\"@type\":\"ListItem\",\"position\":3,\"name\":\"M\u00e9tricas Modernizaci\u00f3n Red: Referenciamiento\"}]},{\"@type\":\"WebSite\",\"@id\":\"https:\\\/\\\/colombiainteligente.org\\\/#website\",\"url\":\"https:\\\/\\\/colombiainteligente.org\\\/\",\"name\":\"Colombia Inteligente\",\"description\":\"Alianza estrat\u00e9gica, conformada por empresas y entidades, para la inserci\u00f3n integral y eficiente de las redes inteligentes a la infraestructura del sector el\u00e9ctrico colombiano\",\"publisher\":{\"@id\":\"https:\\\/\\\/colombiainteligente.org\\\/#organization\"},\"potentialAction\":[{\"@type\":\"SearchAction\",\"target\":{\"@type\":\"EntryPoint\",\"urlTemplate\":\"https:\\\/\\\/colombiainteligente.org\\\/?s={search_term_string}\"},\"query-input\":{\"@type\":\"PropertyValueSpecification\",\"valueRequired\":true,\"valueName\":\"search_term_string\"}}],\"inLanguage\":\"es-CO\"},{\"@type\":\"Organization\",\"@id\":\"https:\\\/\\\/colombiainteligente.org\\\/#organization\",\"name\":\"Colombia Inteligente\",\"url\":\"https:\\\/\\\/colombiainteligente.org\\\/\",\"logo\":{\"@type\":\"ImageObject\",\"inLanguage\":\"es-CO\",\"@id\":\"https:\\\/\\\/colombiainteligente.org\\\/#\\\/schema\\\/logo\\\/image\\\/\",\"url\":\"https:\\\/\\\/colombiainteligente.org\\\/wp-content\\\/uploads\\\/2022\\\/07\\\/Image.png\",\"contentUrl\":\"https:\\\/\\\/colombiainteligente.org\\\/wp-content\\\/uploads\\\/2022\\\/07\\\/Image.png\",\"width\":588,\"height\":274,\"caption\":\"Colombia Inteligente\"},\"image\":{\"@id\":\"https:\\\/\\\/colombiainteligente.org\\\/#\\\/schema\\\/logo\\\/image\\\/\"},\"sameAs\":[\"https:\\\/\\\/x.com\\\/colombiaintelig\",\"https:\\\/\\\/www.linkedin.com\\\/company\\\/colombiainteligente\\\/\"]}]}<\/script>\n<!-- \/ Yoast SEO plugin. -->","yoast_head_json":{"title":"M\u00e9tricas Modernizaci\u00f3n Red: Referenciamiento - Colombia Inteligente","robots":{"index":"index","follow":"follow","max-snippet":"max-snippet:-1","max-image-preview":"max-image-preview:large","max-video-preview":"max-video-preview:-1"},"canonical":"https:\/\/colombiainteligente.org\/es_co\/product\/metricas-modernizacion-red-referenciamiento\/","og_locale":"es_ES","og_type":"article","og_title":"M\u00e9tricas Modernizaci\u00f3n Red: Referenciamiento - Colombia Inteligente","og_description":"M\u00e9tricas Modernizaci\u00f3n Red: Referenciamiento","og_url":"https:\/\/colombiainteligente.org\/es_co\/product\/metricas-modernizacion-red-referenciamiento\/","og_site_name":"Colombia Inteligente","article_modified_time":"2023-01-27T23:52:34+00:00","og_image":[{"width":544,"height":704,"url":"https:\/\/colombiainteligente.org\/wp-content\/uploads\/2023\/01\/Ref-metricas-modernizacion.png","type":"image\/png"}],"twitter_card":"summary_large_image","twitter_site":"@colombiaintelig","twitter_misc":{"Tiempo estimado de lectura":"2 minutes"},"schema":{"@context":"https:\/\/schema.org","@graph":[{"@type":"WebPage","@id":"https:\/\/colombiainteligente.org\/producto\/metricas-modernizacion-red-referenciamiento\/","url":"https:\/\/colombiainteligente.org\/producto\/metricas-modernizacion-red-referenciamiento\/","name":"M\u00e9tricas Modernizaci\u00f3n Red: Referenciamiento - Colombia Inteligente","isPartOf":{"@id":"https:\/\/colombiainteligente.org\/#website"},"primaryImageOfPage":{"@id":"https:\/\/colombiainteligente.org\/producto\/metricas-modernizacion-red-referenciamiento\/#primaryimage"},"image":{"@id":"https:\/\/colombiainteligente.org\/producto\/metricas-modernizacion-red-referenciamiento\/#primaryimage"},"thumbnailUrl":"https:\/\/colombiainteligente.org\/wp-content\/uploads\/2023\/01\/Ref-metricas-modernizacion.png","datePublished":"2023-01-27T21:04:56+00:00","dateModified":"2023-01-27T23:52:34+00:00","breadcrumb":{"@id":"https:\/\/colombiainteligente.org\/producto\/metricas-modernizacion-red-referenciamiento\/#breadcrumb"},"inLanguage":"es-CO","potentialAction":[{"@type":"ReadAction","target":["https:\/\/colombiainteligente.org\/producto\/metricas-modernizacion-red-referenciamiento\/"]}]},{"@type":"ImageObject","inLanguage":"es-CO","@id":"https:\/\/colombiainteligente.org\/producto\/metricas-modernizacion-red-referenciamiento\/#primaryimage","url":"https:\/\/colombiainteligente.org\/wp-content\/uploads\/2023\/01\/Ref-metricas-modernizacion.png","contentUrl":"https:\/\/colombiainteligente.org\/wp-content\/uploads\/2023\/01\/Ref-metricas-modernizacion.png","width":544,"height":704},{"@type":"BreadcrumbList","@id":"https:\/\/colombiainteligente.org\/producto\/metricas-modernizacion-red-referenciamiento\/#breadcrumb","itemListElement":[{"@type":"ListItem","position":1,"name":"Portada","item":"https:\/\/colombiainteligente.org\/"},{"@type":"ListItem","position":2,"name":"Tienda","item":"https:\/\/colombiainteligente.org\/tienda\/"},{"@type":"ListItem","position":3,"name":"M\u00e9tricas Modernizaci\u00f3n Red: Referenciamiento"}]},{"@type":"WebSite","@id":"https:\/\/colombiainteligente.org\/#website","url":"https:\/\/colombiainteligente.org\/","name":"Colombia Inteligente","description":"Alianza estrat\u00e9gica, conformada por empresas y entidades, para la inserci\u00f3n integral y eficiente de las redes inteligentes a la infraestructura del sector el\u00e9ctrico colombiano","publisher":{"@id":"https:\/\/colombiainteligente.org\/#organization"},"potentialAction":[{"@type":"SearchAction","target":{"@type":"EntryPoint","urlTemplate":"https:\/\/colombiainteligente.org\/?s={search_term_string}"},"query-input":{"@type":"PropertyValueSpecification","valueRequired":true,"valueName":"search_term_string"}}],"inLanguage":"es-CO"},{"@type":"Organization","@id":"https:\/\/colombiainteligente.org\/#organization","name":"Colombia Inteligente","url":"https:\/\/colombiainteligente.org\/","logo":{"@type":"ImageObject","inLanguage":"es-CO","@id":"https:\/\/colombiainteligente.org\/#\/schema\/logo\/image\/","url":"https:\/\/colombiainteligente.org\/wp-content\/uploads\/2022\/07\/Image.png","contentUrl":"https:\/\/colombiainteligente.org\/wp-content\/uploads\/2022\/07\/Image.png","width":588,"height":274,"caption":"Colombia Inteligente"},"image":{"@id":"https:\/\/colombiainteligente.org\/#\/schema\/logo\/image\/"},"sameAs":["https:\/\/x.com\/colombiaintelig","https:\/\/www.linkedin.com\/company\/colombiainteligente\/"]}]}},"_links":{"self":[{"href":"https:\/\/colombiainteligente.org\/es_co\/wp-json\/wp\/v2\/product\/27669","targetHints":{"allow":["GET"]}}],"collection":[{"href":"https:\/\/colombiainteligente.org\/es_co\/wp-json\/wp\/v2\/product"}],"about":[{"href":"https:\/\/colombiainteligente.org\/es_co\/wp-json\/wp\/v2\/types\/product"}],"replies":[{"embeddable":true,"href":"https:\/\/colombiainteligente.org\/es_co\/wp-json\/wp\/v2\/comments?post=27669"}],"wp:featuredmedia":[{"embeddable":true,"href":"https:\/\/colombiainteligente.org\/es_co\/wp-json\/wp\/v2\/media\/27671"}],"wp:attachment":[{"href":"https:\/\/colombiainteligente.org\/es_co\/wp-json\/wp\/v2\/media?parent=27669"}],"wp:term":[{"taxonomy":"product_cat","embeddable":true,"href":"https:\/\/colombiainteligente.org\/es_co\/wp-json\/wp\/v2\/product_cat?post=27669"},{"taxonomy":"product_tag","embeddable":true,"href":"https:\/\/colombiainteligente.org\/es_co\/wp-json\/wp\/v2\/product_tag?post=27669"}],"curies":[{"name":"wp","href":"https:\/\/api.w.org\/{rel}","templated":true}]}}