{"id":28354,"date":"2023-01-31T21:12:11","date_gmt":"2023-02-01T02:12:11","guid":{"rendered":"https:\/\/colombiainteligente.org\/?post_type=product&#038;p=28354"},"modified":"2023-05-17T09:38:36","modified_gmt":"2023-05-17T14:38:36","slug":"respuesta-de-la-demanda-potencial-de-mitigacion-de-gases-de-efecto-invernadero","status":"publish","type":"product","link":"https:\/\/colombiainteligente.org\/es_co\/product\/respuesta-de-la-demanda-potencial-de-mitigacion-de-gases-de-efecto-invernadero\/","title":{"rendered":"Respuesta de la Demanda Potencial de Mitigaci\u00f3n de  Gases de Efecto Invernadero"},"content":{"rendered":"<p>El presente documento tiene como objetivo actualizar la informaci\u00f3n presentada en el documento de trabajo de 2018 \u201cRespuesta de la Demanda &#8211; Estrategia para la Mitigaci\u00f3n de Gases Efecto Invernadero\u201d. Para lo cual, se actualizaron los datos de caracterizaci\u00f3n del consumo de energ\u00eda en los sectores consumidores, as\u00ed como la informaci\u00f3n de la normatividad disponible hasta la fecha y el escenario base de transformaci\u00f3n de la participaci\u00f3n de la demanda de energ\u00eda el\u00e9ctrica del 2018, demanda activa, en el sistema el\u00e9ctrico colombiano. Para cumplir con el objetivo mencionado el documento se ha estructurado en 4 secciones:<\/p>\n<p>&nbsp;<\/p>\n<ol>\n<li style=\"list-style-type: none;\">\n<ol>\n<li><strong>ANTECEDENTES:\u00a0<\/strong> Partiendo de la informaci\u00f3n presentada en 2018, en esta secci\u00f3n se actualizan los compromisos de mitigaci\u00f3n de emisiones adoptados por Colombia en el marco de la Convenci\u00f3n Marco de las Naciones Unidas sobre el Cambio Clim\u00e1tico y como pa\u00eds miembro de la Conferencia de la Partes. En este sentido, se describen los compromisos por sectores y las l\u00edneas estrat\u00e9gicas que ser\u00e1n adoptadas. Una de estas est\u00e1 relacionada con la gesti\u00f3n eficiente de la demanda. Se actualizan y describen las normas, decretos, pol\u00edticas y dem\u00e1s relacionadas con el cambio clim\u00e1tico, la reducci\u00f3n de GEI y aquellos que espec\u00edficamente permitan incentivar programas de respuesta de la demanda en el sector el\u00e9ctrico.<\/li>\n<\/ol>\n<\/li>\n<\/ol>\n<p>&nbsp;<\/p>\n<ol>\n<li style=\"list-style-type: none;\">\n<ol>\n<li><strong>DEMANDA DE ENERG\u00cdA:<\/strong> Partiendo de la informaci\u00f3n presentada en 2018, en esta secci\u00f3n se actualizan los compromisos de mitigaci\u00f3n de emisiones adoptados por Colombia en el marco de la Convenci\u00f3n Marco de las Naciones Unidas sobre el Cambio Clim\u00e1tico y como pa\u00eds miembro de la Conferencia de la Partes. En este sentido, se describen los compromisos por sectores y las l\u00edneas estrat\u00e9gicas que ser\u00e1n adoptadas. Una de estas est\u00e1 relacionada con la gesti\u00f3n eficiente de la demanda. Se actualizan y describen las normas, decretos, pol\u00edticas y dem\u00e1s relacionadas con el cambio clim\u00e1tico, la reducci\u00f3n de GEI y aquellos que espec\u00edficamente permitan incentivar programas de respuesta de la demanda en el sector el\u00e9ctrico.<\/li>\n<\/ol>\n<\/li>\n<\/ol>\n<p>&nbsp;<\/p>\n<ol>\n<li style=\"list-style-type: none;\">\n<ol>\n<li><strong>POTENCIAL RD-GEI:<\/strong> En esta secci\u00f3n se describe el potencial de respuesta de la demanda y la reducci\u00f3n de emisiones de gases efecto por su implementaci\u00f3n. En primera instancia, se presenta la metodolog\u00eda propuesta para determinar el potencial de impacto en la reducci\u00f3n de demanda y emisiones, la implementaci\u00f3n de los programas de respuesta de la demanda. Se presentan los resultados de la simulaci\u00f3n de implementaci\u00f3n de pilotos RD y el an\u00e1lisis hecho a partir de supuestos establecidos para la demanda para determinar el potencial de reducci\u00f3n de demanda y de GEI. En tercera instancia se presenta el escenario base, donde se muestra el costo de los programas y las mitigaciones que estos pueden presentar, adem\u00e1s, de la sensibilidad.<\/li>\n<\/ol>\n<\/li>\n<\/ol>\n<p>&nbsp;<\/p>\n<ol>\n<li><strong>RECOMENDACIONES:<\/strong> En esta secci\u00f3n se brindan recomendaciones para empoderar al usuario, habilitar la demanda activa, e implementar y masificar pilotos RD.<\/li>\n<\/ol>\n<p>&nbsp;<\/p>\n<p>Diciembre de 2022<\/p>\n<div style=\"text-align:center\" class=\"yasr-auto-insert-visitor\"><\/div>","protected":false},"excerpt":{"rendered":"<p>Respuesta de la Demanda Potencial de Mitigaci\u00f3n de Gases de Efecto Invernadero<\/p>","protected":false},"featured_media":28356,"comment_status":"open","ping_status":"closed","template":"","meta":{"yasr_overall_rating":0,"yasr_post_is_review":"","yasr_auto_insert_disabled":"","yasr_review_type":""},"product_cat":[38,40],"product_tag":[43],"class_list":["post-28354","product","type-product","status-publish","has-post-thumbnail","hentry","product_cat-habilitar-servicios-descentralizados-flexibles-y-multi-producto","product_cat-tecnicas-servicios-transaccionales","product_tag-aplicaciones-escalables"],"yasr_visitor_votes":{"number_of_votes":0,"sum_votes":0,"stars_attributes":{"read_only":false,"span_bottom":false}},"yoast_head":"<!-- This site is optimized with the Yoast SEO plugin v27.3 - https:\/\/yoast.com\/product\/yoast-seo-wordpress\/ -->\n<title>Respuesta de la Demanda Potencial de Mitigaci\u00f3n de Gases de Efecto Invernadero - Colombia Inteligente<\/title>\n<meta name=\"robots\" content=\"index, follow, max-snippet:-1, max-image-preview:large, max-video-preview:-1\" \/>\n<link rel=\"canonical\" href=\"https:\/\/colombiainteligente.org\/es_co\/product\/respuesta-de-la-demanda-potencial-de-mitigacion-de-gases-de-efecto-invernadero\/\" \/>\n<meta property=\"og:locale\" content=\"es_ES\" \/>\n<meta property=\"og:type\" content=\"article\" \/>\n<meta property=\"og:title\" content=\"Respuesta de la Demanda Potencial de Mitigaci\u00f3n de Gases de Efecto Invernadero - Colombia Inteligente\" \/>\n<meta property=\"og:description\" content=\"Respuesta de la Demanda Potencial de Mitigaci\u00f3n de Gases de Efecto Invernadero\" \/>\n<meta property=\"og:url\" content=\"https:\/\/colombiainteligente.org\/es_co\/product\/respuesta-de-la-demanda-potencial-de-mitigacion-de-gases-de-efecto-invernadero\/\" \/>\n<meta property=\"og:site_name\" content=\"Colombia Inteligente\" \/>\n<meta property=\"article:modified_time\" content=\"2023-05-17T14:38:36+00:00\" \/>\n<meta property=\"og:image\" content=\"https:\/\/colombiainteligente.org\/wp-content\/uploads\/2023\/01\/actualizacion-GEI.png\" \/>\n\t<meta property=\"og:image:width\" content=\"408\" \/>\n\t<meta property=\"og:image:height\" content=\"528\" \/>\n\t<meta property=\"og:image:type\" content=\"image\/png\" \/>\n<meta name=\"twitter:card\" content=\"summary_large_image\" \/>\n<meta name=\"twitter:site\" content=\"@colombiaintelig\" \/>\n<meta name=\"twitter:label1\" content=\"Tiempo estimado de lectura\" \/>\n\t<meta name=\"twitter:data1\" content=\"3 minutes\" \/>\n<script type=\"application\/ld+json\" class=\"yoast-schema-graph\">{\"@context\":\"https:\\\/\\\/schema.org\",\"@graph\":[{\"@type\":\"WebPage\",\"@id\":\"https:\\\/\\\/colombiainteligente.org\\\/producto\\\/respuesta-de-la-demanda-potencial-de-mitigacion-de-gases-de-efecto-invernadero\\\/\",\"url\":\"https:\\\/\\\/colombiainteligente.org\\\/producto\\\/respuesta-de-la-demanda-potencial-de-mitigacion-de-gases-de-efecto-invernadero\\\/\",\"name\":\"Respuesta de la Demanda Potencial de Mitigaci\u00f3n de Gases de Efecto Invernadero - Colombia Inteligente\",\"isPartOf\":{\"@id\":\"https:\\\/\\\/colombiainteligente.org\\\/#website\"},\"primaryImageOfPage\":{\"@id\":\"https:\\\/\\\/colombiainteligente.org\\\/producto\\\/respuesta-de-la-demanda-potencial-de-mitigacion-de-gases-de-efecto-invernadero\\\/#primaryimage\"},\"image\":{\"@id\":\"https:\\\/\\\/colombiainteligente.org\\\/producto\\\/respuesta-de-la-demanda-potencial-de-mitigacion-de-gases-de-efecto-invernadero\\\/#primaryimage\"},\"thumbnailUrl\":\"https:\\\/\\\/colombiainteligente.org\\\/wp-content\\\/uploads\\\/2023\\\/01\\\/actualizacion-GEI.png\",\"datePublished\":\"2023-02-01T02:12:11+00:00\",\"dateModified\":\"2023-05-17T14:38:36+00:00\",\"breadcrumb\":{\"@id\":\"https:\\\/\\\/colombiainteligente.org\\\/producto\\\/respuesta-de-la-demanda-potencial-de-mitigacion-de-gases-de-efecto-invernadero\\\/#breadcrumb\"},\"inLanguage\":\"es-CO\",\"potentialAction\":[{\"@type\":\"ReadAction\",\"target\":[\"https:\\\/\\\/colombiainteligente.org\\\/producto\\\/respuesta-de-la-demanda-potencial-de-mitigacion-de-gases-de-efecto-invernadero\\\/\"]}]},{\"@type\":\"ImageObject\",\"inLanguage\":\"es-CO\",\"@id\":\"https:\\\/\\\/colombiainteligente.org\\\/producto\\\/respuesta-de-la-demanda-potencial-de-mitigacion-de-gases-de-efecto-invernadero\\\/#primaryimage\",\"url\":\"https:\\\/\\\/colombiainteligente.org\\\/wp-content\\\/uploads\\\/2023\\\/01\\\/actualizacion-GEI.png\",\"contentUrl\":\"https:\\\/\\\/colombiainteligente.org\\\/wp-content\\\/uploads\\\/2023\\\/01\\\/actualizacion-GEI.png\",\"width\":408,\"height\":528,\"caption\":\"actualizaci\u00f3n GEI\"},{\"@type\":\"BreadcrumbList\",\"@id\":\"https:\\\/\\\/colombiainteligente.org\\\/producto\\\/respuesta-de-la-demanda-potencial-de-mitigacion-de-gases-de-efecto-invernadero\\\/#breadcrumb\",\"itemListElement\":[{\"@type\":\"ListItem\",\"position\":1,\"name\":\"Portada\",\"item\":\"https:\\\/\\\/colombiainteligente.org\\\/\"},{\"@type\":\"ListItem\",\"position\":2,\"name\":\"Tienda\",\"item\":\"https:\\\/\\\/colombiainteligente.org\\\/tienda\\\/\"},{\"@type\":\"ListItem\",\"position\":3,\"name\":\"Respuesta de la Demanda Potencial de Mitigaci\u00f3n de Gases de Efecto Invernadero\"}]},{\"@type\":\"WebSite\",\"@id\":\"https:\\\/\\\/colombiainteligente.org\\\/#website\",\"url\":\"https:\\\/\\\/colombiainteligente.org\\\/\",\"name\":\"Colombia Inteligente\",\"description\":\"Alianza estrat\u00e9gica, conformada por empresas y entidades, para la inserci\u00f3n integral y eficiente de las redes inteligentes a la infraestructura del sector el\u00e9ctrico colombiano\",\"publisher\":{\"@id\":\"https:\\\/\\\/colombiainteligente.org\\\/#organization\"},\"potentialAction\":[{\"@type\":\"SearchAction\",\"target\":{\"@type\":\"EntryPoint\",\"urlTemplate\":\"https:\\\/\\\/colombiainteligente.org\\\/?s={search_term_string}\"},\"query-input\":{\"@type\":\"PropertyValueSpecification\",\"valueRequired\":true,\"valueName\":\"search_term_string\"}}],\"inLanguage\":\"es-CO\"},{\"@type\":\"Organization\",\"@id\":\"https:\\\/\\\/colombiainteligente.org\\\/#organization\",\"name\":\"Colombia Inteligente\",\"url\":\"https:\\\/\\\/colombiainteligente.org\\\/\",\"logo\":{\"@type\":\"ImageObject\",\"inLanguage\":\"es-CO\",\"@id\":\"https:\\\/\\\/colombiainteligente.org\\\/#\\\/schema\\\/logo\\\/image\\\/\",\"url\":\"https:\\\/\\\/colombiainteligente.org\\\/wp-content\\\/uploads\\\/2022\\\/07\\\/Image.png\",\"contentUrl\":\"https:\\\/\\\/colombiainteligente.org\\\/wp-content\\\/uploads\\\/2022\\\/07\\\/Image.png\",\"width\":588,\"height\":274,\"caption\":\"Colombia Inteligente\"},\"image\":{\"@id\":\"https:\\\/\\\/colombiainteligente.org\\\/#\\\/schema\\\/logo\\\/image\\\/\"},\"sameAs\":[\"https:\\\/\\\/x.com\\\/colombiaintelig\",\"https:\\\/\\\/www.linkedin.com\\\/company\\\/colombiainteligente\\\/\"]}]}<\/script>\n<!-- \/ Yoast SEO plugin. -->","yoast_head_json":{"title":"Respuesta de la Demanda Potencial de Mitigaci\u00f3n de Gases de Efecto Invernadero - Colombia Inteligente","robots":{"index":"index","follow":"follow","max-snippet":"max-snippet:-1","max-image-preview":"max-image-preview:large","max-video-preview":"max-video-preview:-1"},"canonical":"https:\/\/colombiainteligente.org\/es_co\/product\/respuesta-de-la-demanda-potencial-de-mitigacion-de-gases-de-efecto-invernadero\/","og_locale":"es_ES","og_type":"article","og_title":"Respuesta de la Demanda Potencial de Mitigaci\u00f3n de Gases de Efecto Invernadero - Colombia Inteligente","og_description":"Respuesta de la Demanda Potencial de Mitigaci\u00f3n de Gases de Efecto Invernadero","og_url":"https:\/\/colombiainteligente.org\/es_co\/product\/respuesta-de-la-demanda-potencial-de-mitigacion-de-gases-de-efecto-invernadero\/","og_site_name":"Colombia Inteligente","article_modified_time":"2023-05-17T14:38:36+00:00","og_image":[{"width":408,"height":528,"url":"https:\/\/colombiainteligente.org\/wp-content\/uploads\/2023\/01\/actualizacion-GEI.png","type":"image\/png"}],"twitter_card":"summary_large_image","twitter_site":"@colombiaintelig","twitter_misc":{"Tiempo estimado de lectura":"3 minutes"},"schema":{"@context":"https:\/\/schema.org","@graph":[{"@type":"WebPage","@id":"https:\/\/colombiainteligente.org\/producto\/respuesta-de-la-demanda-potencial-de-mitigacion-de-gases-de-efecto-invernadero\/","url":"https:\/\/colombiainteligente.org\/producto\/respuesta-de-la-demanda-potencial-de-mitigacion-de-gases-de-efecto-invernadero\/","name":"Respuesta de la Demanda Potencial de Mitigaci\u00f3n de Gases de Efecto Invernadero - Colombia Inteligente","isPartOf":{"@id":"https:\/\/colombiainteligente.org\/#website"},"primaryImageOfPage":{"@id":"https:\/\/colombiainteligente.org\/producto\/respuesta-de-la-demanda-potencial-de-mitigacion-de-gases-de-efecto-invernadero\/#primaryimage"},"image":{"@id":"https:\/\/colombiainteligente.org\/producto\/respuesta-de-la-demanda-potencial-de-mitigacion-de-gases-de-efecto-invernadero\/#primaryimage"},"thumbnailUrl":"https:\/\/colombiainteligente.org\/wp-content\/uploads\/2023\/01\/actualizacion-GEI.png","datePublished":"2023-02-01T02:12:11+00:00","dateModified":"2023-05-17T14:38:36+00:00","breadcrumb":{"@id":"https:\/\/colombiainteligente.org\/producto\/respuesta-de-la-demanda-potencial-de-mitigacion-de-gases-de-efecto-invernadero\/#breadcrumb"},"inLanguage":"es-CO","potentialAction":[{"@type":"ReadAction","target":["https:\/\/colombiainteligente.org\/producto\/respuesta-de-la-demanda-potencial-de-mitigacion-de-gases-de-efecto-invernadero\/"]}]},{"@type":"ImageObject","inLanguage":"es-CO","@id":"https:\/\/colombiainteligente.org\/producto\/respuesta-de-la-demanda-potencial-de-mitigacion-de-gases-de-efecto-invernadero\/#primaryimage","url":"https:\/\/colombiainteligente.org\/wp-content\/uploads\/2023\/01\/actualizacion-GEI.png","contentUrl":"https:\/\/colombiainteligente.org\/wp-content\/uploads\/2023\/01\/actualizacion-GEI.png","width":408,"height":528,"caption":"actualizaci\u00f3n GEI"},{"@type":"BreadcrumbList","@id":"https:\/\/colombiainteligente.org\/producto\/respuesta-de-la-demanda-potencial-de-mitigacion-de-gases-de-efecto-invernadero\/#breadcrumb","itemListElement":[{"@type":"ListItem","position":1,"name":"Portada","item":"https:\/\/colombiainteligente.org\/"},{"@type":"ListItem","position":2,"name":"Tienda","item":"https:\/\/colombiainteligente.org\/tienda\/"},{"@type":"ListItem","position":3,"name":"Respuesta de la Demanda Potencial de Mitigaci\u00f3n de Gases de Efecto Invernadero"}]},{"@type":"WebSite","@id":"https:\/\/colombiainteligente.org\/#website","url":"https:\/\/colombiainteligente.org\/","name":"Colombia Inteligente","description":"Alianza estrat\u00e9gica, conformada por empresas y entidades, para la inserci\u00f3n integral y eficiente de las redes inteligentes a la infraestructura del sector el\u00e9ctrico colombiano","publisher":{"@id":"https:\/\/colombiainteligente.org\/#organization"},"potentialAction":[{"@type":"SearchAction","target":{"@type":"EntryPoint","urlTemplate":"https:\/\/colombiainteligente.org\/?s={search_term_string}"},"query-input":{"@type":"PropertyValueSpecification","valueRequired":true,"valueName":"search_term_string"}}],"inLanguage":"es-CO"},{"@type":"Organization","@id":"https:\/\/colombiainteligente.org\/#organization","name":"Colombia Inteligente","url":"https:\/\/colombiainteligente.org\/","logo":{"@type":"ImageObject","inLanguage":"es-CO","@id":"https:\/\/colombiainteligente.org\/#\/schema\/logo\/image\/","url":"https:\/\/colombiainteligente.org\/wp-content\/uploads\/2022\/07\/Image.png","contentUrl":"https:\/\/colombiainteligente.org\/wp-content\/uploads\/2022\/07\/Image.png","width":588,"height":274,"caption":"Colombia Inteligente"},"image":{"@id":"https:\/\/colombiainteligente.org\/#\/schema\/logo\/image\/"},"sameAs":["https:\/\/x.com\/colombiaintelig","https:\/\/www.linkedin.com\/company\/colombiainteligente\/"]}]}},"_links":{"self":[{"href":"https:\/\/colombiainteligente.org\/es_co\/wp-json\/wp\/v2\/product\/28354","targetHints":{"allow":["GET"]}}],"collection":[{"href":"https:\/\/colombiainteligente.org\/es_co\/wp-json\/wp\/v2\/product"}],"about":[{"href":"https:\/\/colombiainteligente.org\/es_co\/wp-json\/wp\/v2\/types\/product"}],"replies":[{"embeddable":true,"href":"https:\/\/colombiainteligente.org\/es_co\/wp-json\/wp\/v2\/comments?post=28354"}],"wp:featuredmedia":[{"embeddable":true,"href":"https:\/\/colombiainteligente.org\/es_co\/wp-json\/wp\/v2\/media\/28356"}],"wp:attachment":[{"href":"https:\/\/colombiainteligente.org\/es_co\/wp-json\/wp\/v2\/media?parent=28354"}],"wp:term":[{"taxonomy":"product_cat","embeddable":true,"href":"https:\/\/colombiainteligente.org\/es_co\/wp-json\/wp\/v2\/product_cat?post=28354"},{"taxonomy":"product_tag","embeddable":true,"href":"https:\/\/colombiainteligente.org\/es_co\/wp-json\/wp\/v2\/product_tag?post=28354"}],"curies":[{"name":"wp","href":"https:\/\/api.w.org\/{rel}","templated":true}]}}