{"id":28421,"date":"2023-02-01T00:14:59","date_gmt":"2023-02-01T05:14:59","guid":{"rendered":"https:\/\/colombiainteligente.org\/?post_type=product&#038;p=28421"},"modified":"2023-05-17T09:26:32","modified_gmt":"2023-05-17T14:26:32","slug":"modernizacion-de-la-red-para-la-integracion-de-recursos-referenciamiento","status":"publish","type":"product","link":"https:\/\/colombiainteligente.org\/es_co\/product\/modernizacion-de-la-red-para-la-integracion-de-recursos-referenciamiento\/","title":{"rendered":"Modernizaci\u00f3n de la red para la integraci\u00f3n de recursos: Referenciamiento"},"content":{"rendered":"<p>Este documento identifica las tendencias de la modernizaci\u00f3n y transformaci\u00f3n de las redes el\u00e9ctricas, y presentar las estrategias de modernizaci\u00f3n de la red el\u00e9ctrica, donde se pueden identificar los retos para la conexi\u00f3n de recursos DER. As\u00ed mismo busca mostrar los mecanismos para fomentar la modernizaci\u00f3n de la red, las pol\u00edticas, las acciones regulatorias en varios pa\u00edses hacia la modernizaci\u00f3n del servicio mediante diferentes estrategias o planes y productos de la integraci\u00f3n DER. Para lograr esto se ha estructurado el informe en las siguientes 4 secciones:<\/p>\n<ol>\n<li><strong>RETOS PARA LA MODERNIZACI\u00d3N DE LA RED:<\/strong> Esta primera secci\u00f3n describe los diferentes conceptos de modernizaci\u00f3n emitidos por diferentes empresas del sector a nivel internacional, tambi\u00e9n se revisan los objetivos y atributos de la modernizaci\u00f3n.<\/li>\n<li><strong>MECANISMOS PARA LA MODERNIZACI\u00d3N DE LA RED:<\/strong> En esta secci\u00f3n se plantea el uso de tecnolog\u00edas flexibles para la modernizaci\u00f3n, la planeaci\u00f3n integral y colaborativa, y la modernizaci\u00f3n de la regulaci\u00f3n<\/li>\n<li><strong>CASOS DE ESTUDIO:<\/strong> Aqu\u00ed se contemplan varias experiencias internacionales sobre los retos, mecanismos y proyectos enfocados a lograr la modernizaci\u00f3n de las redes el\u00e9ctricas.<\/li>\n<li><strong>AVANCES COLOMBIA:<\/strong> Se listan algunos documentos y publicaciones identificados en el campo de la modernizaci\u00f3n del servicio donde se tratan los temas como lineamientos de pol\u00edtica de Recursos Energ\u00e9ticos Distribuidos, la hoja de ruta regulatoria para un desarrollo m\u00e1s eficiente de los recursos distribuidos, entre otros.<\/li>\n<\/ol>\n<p>&nbsp;<\/p>\n<p>Marzo de 2022<\/p>\n<div style=\"text-align:center\" class=\"yasr-auto-insert-visitor\"><\/div>","protected":false},"excerpt":{"rendered":"<p>Modernizaci\u00f3n de la red para la integraci\u00f3n de recursos: Referenciamiento<\/p>","protected":false},"featured_media":28423,"comment_status":"open","ping_status":"closed","template":"","meta":{"yasr_overall_rating":0,"yasr_post_is_review":"","yasr_auto_insert_disabled":"","yasr_review_type":""},"product_cat":[35,36],"product_tag":[25],"class_list":["post-28421","product","type-product","status-publish","has-post-thumbnail","hentry","product_cat-garantizar-confiabilidad-resiliencia-e-interoperabilidad-en-el-servicio","product_cat-red-flexible-automatizada-y-digital","product_tag-aplicaciones-focales"],"yasr_visitor_votes":{"number_of_votes":0,"sum_votes":0,"stars_attributes":{"read_only":false,"span_bottom":false}},"yoast_head":"<!-- This site is optimized with the Yoast SEO plugin v27.3 - https:\/\/yoast.com\/product\/yoast-seo-wordpress\/ -->\n<title>Modernizaci\u00f3n de la red para la integraci\u00f3n de recursos: Referenciamiento - Colombia Inteligente<\/title>\n<meta name=\"robots\" content=\"index, follow, max-snippet:-1, max-image-preview:large, max-video-preview:-1\" \/>\n<link rel=\"canonical\" href=\"https:\/\/colombiainteligente.org\/es_co\/product\/modernizacion-de-la-red-para-la-integracion-de-recursos-referenciamiento\/\" \/>\n<meta property=\"og:locale\" content=\"es_ES\" \/>\n<meta property=\"og:type\" content=\"article\" \/>\n<meta property=\"og:title\" content=\"Modernizaci\u00f3n de la red para la integraci\u00f3n de recursos: Referenciamiento - Colombia Inteligente\" \/>\n<meta property=\"og:description\" content=\"Modernizaci\u00f3n de la red para la integraci\u00f3n de recursos: Referenciamiento\" \/>\n<meta property=\"og:url\" content=\"https:\/\/colombiainteligente.org\/es_co\/product\/modernizacion-de-la-red-para-la-integracion-de-recursos-referenciamiento\/\" \/>\n<meta property=\"og:site_name\" content=\"Colombia Inteligente\" \/>\n<meta property=\"article:modified_time\" content=\"2023-05-17T14:26:32+00:00\" \/>\n<meta property=\"og:image\" content=\"https:\/\/colombiainteligente.org\/wp-content\/uploads\/2023\/02\/ref-integracion-de-recursos.png\" \/>\n\t<meta property=\"og:image:width\" content=\"456\" \/>\n\t<meta property=\"og:image:height\" content=\"590\" \/>\n\t<meta property=\"og:image:type\" content=\"image\/png\" \/>\n<meta name=\"twitter:card\" content=\"summary_large_image\" \/>\n<meta name=\"twitter:site\" content=\"@colombiaintelig\" \/>\n<meta name=\"twitter:label1\" content=\"Tiempo estimado de lectura\" \/>\n\t<meta name=\"twitter:data1\" content=\"1 minute\" \/>\n<script type=\"application\/ld+json\" class=\"yoast-schema-graph\">{\"@context\":\"https:\\\/\\\/schema.org\",\"@graph\":[{\"@type\":\"WebPage\",\"@id\":\"https:\\\/\\\/colombiainteligente.org\\\/producto\\\/modernizacion-de-la-red-para-la-integracion-de-recursos-referenciamiento\\\/\",\"url\":\"https:\\\/\\\/colombiainteligente.org\\\/producto\\\/modernizacion-de-la-red-para-la-integracion-de-recursos-referenciamiento\\\/\",\"name\":\"Modernizaci\u00f3n de la red para la integraci\u00f3n de recursos: Referenciamiento - Colombia Inteligente\",\"isPartOf\":{\"@id\":\"https:\\\/\\\/colombiainteligente.org\\\/#website\"},\"primaryImageOfPage\":{\"@id\":\"https:\\\/\\\/colombiainteligente.org\\\/producto\\\/modernizacion-de-la-red-para-la-integracion-de-recursos-referenciamiento\\\/#primaryimage\"},\"image\":{\"@id\":\"https:\\\/\\\/colombiainteligente.org\\\/producto\\\/modernizacion-de-la-red-para-la-integracion-de-recursos-referenciamiento\\\/#primaryimage\"},\"thumbnailUrl\":\"https:\\\/\\\/colombiainteligente.org\\\/wp-content\\\/uploads\\\/2023\\\/02\\\/ref-integracion-de-recursos.png\",\"datePublished\":\"2023-02-01T05:14:59+00:00\",\"dateModified\":\"2023-05-17T14:26:32+00:00\",\"breadcrumb\":{\"@id\":\"https:\\\/\\\/colombiainteligente.org\\\/producto\\\/modernizacion-de-la-red-para-la-integracion-de-recursos-referenciamiento\\\/#breadcrumb\"},\"inLanguage\":\"es-CO\",\"potentialAction\":[{\"@type\":\"ReadAction\",\"target\":[\"https:\\\/\\\/colombiainteligente.org\\\/producto\\\/modernizacion-de-la-red-para-la-integracion-de-recursos-referenciamiento\\\/\"]}]},{\"@type\":\"ImageObject\",\"inLanguage\":\"es-CO\",\"@id\":\"https:\\\/\\\/colombiainteligente.org\\\/producto\\\/modernizacion-de-la-red-para-la-integracion-de-recursos-referenciamiento\\\/#primaryimage\",\"url\":\"https:\\\/\\\/colombiainteligente.org\\\/wp-content\\\/uploads\\\/2023\\\/02\\\/ref-integracion-de-recursos.png\",\"contentUrl\":\"https:\\\/\\\/colombiainteligente.org\\\/wp-content\\\/uploads\\\/2023\\\/02\\\/ref-integracion-de-recursos.png\",\"width\":456,\"height\":590},{\"@type\":\"BreadcrumbList\",\"@id\":\"https:\\\/\\\/colombiainteligente.org\\\/producto\\\/modernizacion-de-la-red-para-la-integracion-de-recursos-referenciamiento\\\/#breadcrumb\",\"itemListElement\":[{\"@type\":\"ListItem\",\"position\":1,\"name\":\"Portada\",\"item\":\"https:\\\/\\\/colombiainteligente.org\\\/\"},{\"@type\":\"ListItem\",\"position\":2,\"name\":\"Tienda\",\"item\":\"https:\\\/\\\/colombiainteligente.org\\\/tienda\\\/\"},{\"@type\":\"ListItem\",\"position\":3,\"name\":\"Modernizaci\u00f3n de la red para la integraci\u00f3n de recursos: Referenciamiento\"}]},{\"@type\":\"WebSite\",\"@id\":\"https:\\\/\\\/colombiainteligente.org\\\/#website\",\"url\":\"https:\\\/\\\/colombiainteligente.org\\\/\",\"name\":\"Colombia Inteligente\",\"description\":\"Alianza estrat\u00e9gica, conformada por empresas y entidades, para la inserci\u00f3n integral y eficiente de las redes inteligentes a la infraestructura del sector el\u00e9ctrico colombiano\",\"publisher\":{\"@id\":\"https:\\\/\\\/colombiainteligente.org\\\/#organization\"},\"potentialAction\":[{\"@type\":\"SearchAction\",\"target\":{\"@type\":\"EntryPoint\",\"urlTemplate\":\"https:\\\/\\\/colombiainteligente.org\\\/?s={search_term_string}\"},\"query-input\":{\"@type\":\"PropertyValueSpecification\",\"valueRequired\":true,\"valueName\":\"search_term_string\"}}],\"inLanguage\":\"es-CO\"},{\"@type\":\"Organization\",\"@id\":\"https:\\\/\\\/colombiainteligente.org\\\/#organization\",\"name\":\"Colombia Inteligente\",\"url\":\"https:\\\/\\\/colombiainteligente.org\\\/\",\"logo\":{\"@type\":\"ImageObject\",\"inLanguage\":\"es-CO\",\"@id\":\"https:\\\/\\\/colombiainteligente.org\\\/#\\\/schema\\\/logo\\\/image\\\/\",\"url\":\"https:\\\/\\\/colombiainteligente.org\\\/wp-content\\\/uploads\\\/2022\\\/07\\\/Image.png\",\"contentUrl\":\"https:\\\/\\\/colombiainteligente.org\\\/wp-content\\\/uploads\\\/2022\\\/07\\\/Image.png\",\"width\":588,\"height\":274,\"caption\":\"Colombia Inteligente\"},\"image\":{\"@id\":\"https:\\\/\\\/colombiainteligente.org\\\/#\\\/schema\\\/logo\\\/image\\\/\"},\"sameAs\":[\"https:\\\/\\\/x.com\\\/colombiaintelig\",\"https:\\\/\\\/www.linkedin.com\\\/company\\\/colombiainteligente\\\/\"]}]}<\/script>\n<!-- \/ Yoast SEO plugin. -->","yoast_head_json":{"title":"Modernizaci\u00f3n de la red para la integraci\u00f3n de recursos: Referenciamiento - Colombia Inteligente","robots":{"index":"index","follow":"follow","max-snippet":"max-snippet:-1","max-image-preview":"max-image-preview:large","max-video-preview":"max-video-preview:-1"},"canonical":"https:\/\/colombiainteligente.org\/es_co\/product\/modernizacion-de-la-red-para-la-integracion-de-recursos-referenciamiento\/","og_locale":"es_ES","og_type":"article","og_title":"Modernizaci\u00f3n de la red para la integraci\u00f3n de recursos: Referenciamiento - Colombia Inteligente","og_description":"Modernizaci\u00f3n de la red para la integraci\u00f3n de recursos: Referenciamiento","og_url":"https:\/\/colombiainteligente.org\/es_co\/product\/modernizacion-de-la-red-para-la-integracion-de-recursos-referenciamiento\/","og_site_name":"Colombia Inteligente","article_modified_time":"2023-05-17T14:26:32+00:00","og_image":[{"width":456,"height":590,"url":"https:\/\/colombiainteligente.org\/wp-content\/uploads\/2023\/02\/ref-integracion-de-recursos.png","type":"image\/png"}],"twitter_card":"summary_large_image","twitter_site":"@colombiaintelig","twitter_misc":{"Tiempo estimado de lectura":"1 minute"},"schema":{"@context":"https:\/\/schema.org","@graph":[{"@type":"WebPage","@id":"https:\/\/colombiainteligente.org\/producto\/modernizacion-de-la-red-para-la-integracion-de-recursos-referenciamiento\/","url":"https:\/\/colombiainteligente.org\/producto\/modernizacion-de-la-red-para-la-integracion-de-recursos-referenciamiento\/","name":"Modernizaci\u00f3n de la red para la integraci\u00f3n de recursos: Referenciamiento - Colombia Inteligente","isPartOf":{"@id":"https:\/\/colombiainteligente.org\/#website"},"primaryImageOfPage":{"@id":"https:\/\/colombiainteligente.org\/producto\/modernizacion-de-la-red-para-la-integracion-de-recursos-referenciamiento\/#primaryimage"},"image":{"@id":"https:\/\/colombiainteligente.org\/producto\/modernizacion-de-la-red-para-la-integracion-de-recursos-referenciamiento\/#primaryimage"},"thumbnailUrl":"https:\/\/colombiainteligente.org\/wp-content\/uploads\/2023\/02\/ref-integracion-de-recursos.png","datePublished":"2023-02-01T05:14:59+00:00","dateModified":"2023-05-17T14:26:32+00:00","breadcrumb":{"@id":"https:\/\/colombiainteligente.org\/producto\/modernizacion-de-la-red-para-la-integracion-de-recursos-referenciamiento\/#breadcrumb"},"inLanguage":"es-CO","potentialAction":[{"@type":"ReadAction","target":["https:\/\/colombiainteligente.org\/producto\/modernizacion-de-la-red-para-la-integracion-de-recursos-referenciamiento\/"]}]},{"@type":"ImageObject","inLanguage":"es-CO","@id":"https:\/\/colombiainteligente.org\/producto\/modernizacion-de-la-red-para-la-integracion-de-recursos-referenciamiento\/#primaryimage","url":"https:\/\/colombiainteligente.org\/wp-content\/uploads\/2023\/02\/ref-integracion-de-recursos.png","contentUrl":"https:\/\/colombiainteligente.org\/wp-content\/uploads\/2023\/02\/ref-integracion-de-recursos.png","width":456,"height":590},{"@type":"BreadcrumbList","@id":"https:\/\/colombiainteligente.org\/producto\/modernizacion-de-la-red-para-la-integracion-de-recursos-referenciamiento\/#breadcrumb","itemListElement":[{"@type":"ListItem","position":1,"name":"Portada","item":"https:\/\/colombiainteligente.org\/"},{"@type":"ListItem","position":2,"name":"Tienda","item":"https:\/\/colombiainteligente.org\/tienda\/"},{"@type":"ListItem","position":3,"name":"Modernizaci\u00f3n de la red para la integraci\u00f3n de recursos: Referenciamiento"}]},{"@type":"WebSite","@id":"https:\/\/colombiainteligente.org\/#website","url":"https:\/\/colombiainteligente.org\/","name":"Colombia Inteligente","description":"Alianza estrat\u00e9gica, conformada por empresas y entidades, para la inserci\u00f3n integral y eficiente de las redes inteligentes a la infraestructura del sector el\u00e9ctrico colombiano","publisher":{"@id":"https:\/\/colombiainteligente.org\/#organization"},"potentialAction":[{"@type":"SearchAction","target":{"@type":"EntryPoint","urlTemplate":"https:\/\/colombiainteligente.org\/?s={search_term_string}"},"query-input":{"@type":"PropertyValueSpecification","valueRequired":true,"valueName":"search_term_string"}}],"inLanguage":"es-CO"},{"@type":"Organization","@id":"https:\/\/colombiainteligente.org\/#organization","name":"Colombia Inteligente","url":"https:\/\/colombiainteligente.org\/","logo":{"@type":"ImageObject","inLanguage":"es-CO","@id":"https:\/\/colombiainteligente.org\/#\/schema\/logo\/image\/","url":"https:\/\/colombiainteligente.org\/wp-content\/uploads\/2022\/07\/Image.png","contentUrl":"https:\/\/colombiainteligente.org\/wp-content\/uploads\/2022\/07\/Image.png","width":588,"height":274,"caption":"Colombia Inteligente"},"image":{"@id":"https:\/\/colombiainteligente.org\/#\/schema\/logo\/image\/"},"sameAs":["https:\/\/x.com\/colombiaintelig","https:\/\/www.linkedin.com\/company\/colombiainteligente\/"]}]}},"_links":{"self":[{"href":"https:\/\/colombiainteligente.org\/es_co\/wp-json\/wp\/v2\/product\/28421","targetHints":{"allow":["GET"]}}],"collection":[{"href":"https:\/\/colombiainteligente.org\/es_co\/wp-json\/wp\/v2\/product"}],"about":[{"href":"https:\/\/colombiainteligente.org\/es_co\/wp-json\/wp\/v2\/types\/product"}],"replies":[{"embeddable":true,"href":"https:\/\/colombiainteligente.org\/es_co\/wp-json\/wp\/v2\/comments?post=28421"}],"wp:featuredmedia":[{"embeddable":true,"href":"https:\/\/colombiainteligente.org\/es_co\/wp-json\/wp\/v2\/media\/28423"}],"wp:attachment":[{"href":"https:\/\/colombiainteligente.org\/es_co\/wp-json\/wp\/v2\/media?parent=28421"}],"wp:term":[{"taxonomy":"product_cat","embeddable":true,"href":"https:\/\/colombiainteligente.org\/es_co\/wp-json\/wp\/v2\/product_cat?post=28421"},{"taxonomy":"product_tag","embeddable":true,"href":"https:\/\/colombiainteligente.org\/es_co\/wp-json\/wp\/v2\/product_tag?post=28421"}],"curies":[{"name":"wp","href":"https:\/\/api.w.org\/{rel}","templated":true}]}}