{"id":34489,"date":"2023-07-21T11:55:05","date_gmt":"2023-07-21T16:55:05","guid":{"rendered":"https:\/\/colombiainteligente.org\/?post_type=product&#038;p=34489"},"modified":"2023-07-21T12:00:02","modified_gmt":"2023-07-21T17:00:02","slug":"recursos-energeticos-distribuidos-acciones-para-su-integracion","status":"publish","type":"product","link":"https:\/\/colombiainteligente.org\/es_co\/product\/recursos-energeticos-distribuidos-acciones-para-su-integracion\/","title":{"rendered":"RECURSOS ENERG\u00c9TICOS DISTRIBUIDOS: ACCIONES PARA SU INTEGRACI\u00d3N"},"content":{"rendered":"<p>Este documento tiene como objetivo brindar lineamientos estrat\u00e9gicos para la integraci\u00f3n de los recursos energ\u00e9ticos distribuidos al sector el\u00e9ctrico colombiano, a partir del referenciamiento y lecciones aprendidas de los Grupos de Trabajo Colaborativo de la Iniciativa Colombia Inteligente. <br \/> <br \/>\nEn este contexto, se estructur\u00f3 el siguiente documento, que compila los resultados de los productos publicados por la Iniciativa entre 2017 y 2018 en las tendencias tecnol\u00f3gicas asociadas a la integraci\u00f3n de recursos energ\u00e9ticos distribuidos (DER, por sus siglas en ingl\u00e9s), como lo son la respuesta de la demanda, la autogeneraci\u00f3n y generaci\u00f3n distribuida, el almacenamiento de energ\u00eda y los veh\u00edculos el\u00e9ctricos. A su vez, se presentan recomendaciones en tem\u00e1ticas que se consideran catalizadores o aceleradores para la integraci\u00f3n de los DER, tales como la automatizaci\u00f3n de la red, la ciberseguridad, interoperabilidad y gobernanza de datos, la infraestructura de medici\u00f3n avanzada, la microrredes y la generaci\u00f3n de nuevos modelos de negocio en el sector el\u00e9ctrico. <br \/>\nPara cada una de las tendencias se presenta una contextualizaci\u00f3n tecnol\u00f3gica, un resumen de los avances en el pa\u00eds y los lineamientos estrat\u00e9gicos construidos por la iniciativa. Dichos lineamientos obedecen al an\u00e1lisis de las experiencias y lecciones aprendidas a nivel nacional e internacional,<br \/>\nrecopiladas con herramientas de vigilancia tecnol\u00f3gica a trav\u00e9s de referenciamientos. Adem\u00e1s, se realizan reuniones peri\u00f3dicas para la construcci\u00f3n de consensos frente a la inserci\u00f3n de los DER en el marco pol\u00edtico, regulatorio y empresarial en el pa\u00eds.  <br \/>\nMarzo 2019<\/p>\n<div style=\"text-align:center\" class=\"yasr-auto-insert-visitor\"><\/div>","protected":false},"excerpt":{"rendered":"<p>RECURSOS ENERG\u00c9TICOS DISTRIBUIDOS: ACCIONES PARA SU INTEGRACI\u00d3N    <\/p>","protected":false},"featured_media":34490,"comment_status":"open","ping_status":"closed","template":"","meta":{"yasr_overall_rating":0,"yasr_post_is_review":"","yasr_auto_insert_disabled":"","yasr_review_type":""},"product_cat":[39,36],"product_tag":[43],"class_list":["post-34489","product","type-product","status-publish","has-post-thumbnail","hentry","product_cat-recursos-distribuidos","product_cat-red-flexible-automatizada-y-digital","product_tag-aplicaciones-escalables"],"yasr_visitor_votes":{"number_of_votes":0,"sum_votes":0,"stars_attributes":{"read_only":false,"span_bottom":false}},"yoast_head":"<!-- This site is optimized with the Yoast SEO plugin v27.3 - https:\/\/yoast.com\/product\/yoast-seo-wordpress\/ -->\n<title>RECURSOS ENERG\u00c9TICOS DISTRIBUIDOS: ACCIONES PARA SU INTEGRACI\u00d3N - Colombia Inteligente<\/title>\n<meta name=\"robots\" content=\"index, follow, max-snippet:-1, max-image-preview:large, max-video-preview:-1\" \/>\n<link rel=\"canonical\" href=\"https:\/\/colombiainteligente.org\/es_co\/product\/recursos-energeticos-distribuidos-acciones-para-su-integracion\/\" \/>\n<meta property=\"og:locale\" content=\"es_ES\" \/>\n<meta property=\"og:type\" content=\"article\" \/>\n<meta property=\"og:title\" content=\"RECURSOS ENERG\u00c9TICOS DISTRIBUIDOS: ACCIONES PARA SU INTEGRACI\u00d3N - Colombia Inteligente\" \/>\n<meta property=\"og:description\" content=\"RECURSOS ENERG\u00c9TICOS DISTRIBUIDOS: ACCIONES PARA SU INTEGRACI\u00d3N\" \/>\n<meta property=\"og:url\" content=\"https:\/\/colombiainteligente.org\/es_co\/product\/recursos-energeticos-distribuidos-acciones-para-su-integracion\/\" \/>\n<meta property=\"og:site_name\" content=\"Colombia Inteligente\" \/>\n<meta property=\"article:modified_time\" content=\"2023-07-21T17:00:02+00:00\" \/>\n<meta property=\"og:image\" content=\"https:\/\/colombiainteligente.org\/wp-content\/uploads\/2023\/07\/Integracion-DER.png\" \/>\n\t<meta property=\"og:image:width\" content=\"611\" \/>\n\t<meta property=\"og:image:height\" content=\"790\" \/>\n\t<meta property=\"og:image:type\" content=\"image\/png\" \/>\n<meta name=\"twitter:card\" content=\"summary_large_image\" \/>\n<meta name=\"twitter:site\" content=\"@colombiaintelig\" \/>\n<meta name=\"twitter:label1\" content=\"Tiempo estimado de lectura\" \/>\n\t<meta name=\"twitter:data1\" content=\"2 minutes\" \/>\n<script type=\"application\/ld+json\" class=\"yoast-schema-graph\">{\"@context\":\"https:\\\/\\\/schema.org\",\"@graph\":[{\"@type\":\"WebPage\",\"@id\":\"https:\\\/\\\/colombiainteligente.org\\\/producto\\\/recursos-energeticos-distribuidos-acciones-para-su-integracion\\\/\",\"url\":\"https:\\\/\\\/colombiainteligente.org\\\/producto\\\/recursos-energeticos-distribuidos-acciones-para-su-integracion\\\/\",\"name\":\"RECURSOS ENERG\u00c9TICOS DISTRIBUIDOS: ACCIONES PARA SU INTEGRACI\u00d3N - Colombia Inteligente\",\"isPartOf\":{\"@id\":\"https:\\\/\\\/colombiainteligente.org\\\/#website\"},\"primaryImageOfPage\":{\"@id\":\"https:\\\/\\\/colombiainteligente.org\\\/producto\\\/recursos-energeticos-distribuidos-acciones-para-su-integracion\\\/#primaryimage\"},\"image\":{\"@id\":\"https:\\\/\\\/colombiainteligente.org\\\/producto\\\/recursos-energeticos-distribuidos-acciones-para-su-integracion\\\/#primaryimage\"},\"thumbnailUrl\":\"https:\\\/\\\/colombiainteligente.org\\\/wp-content\\\/uploads\\\/2023\\\/07\\\/Integracion-DER.png\",\"datePublished\":\"2023-07-21T16:55:05+00:00\",\"dateModified\":\"2023-07-21T17:00:02+00:00\",\"breadcrumb\":{\"@id\":\"https:\\\/\\\/colombiainteligente.org\\\/producto\\\/recursos-energeticos-distribuidos-acciones-para-su-integracion\\\/#breadcrumb\"},\"inLanguage\":\"es-CO\",\"potentialAction\":[{\"@type\":\"ReadAction\",\"target\":[\"https:\\\/\\\/colombiainteligente.org\\\/producto\\\/recursos-energeticos-distribuidos-acciones-para-su-integracion\\\/\"]}]},{\"@type\":\"ImageObject\",\"inLanguage\":\"es-CO\",\"@id\":\"https:\\\/\\\/colombiainteligente.org\\\/producto\\\/recursos-energeticos-distribuidos-acciones-para-su-integracion\\\/#primaryimage\",\"url\":\"https:\\\/\\\/colombiainteligente.org\\\/wp-content\\\/uploads\\\/2023\\\/07\\\/Integracion-DER.png\",\"contentUrl\":\"https:\\\/\\\/colombiainteligente.org\\\/wp-content\\\/uploads\\\/2023\\\/07\\\/Integracion-DER.png\",\"width\":611,\"height\":790},{\"@type\":\"BreadcrumbList\",\"@id\":\"https:\\\/\\\/colombiainteligente.org\\\/producto\\\/recursos-energeticos-distribuidos-acciones-para-su-integracion\\\/#breadcrumb\",\"itemListElement\":[{\"@type\":\"ListItem\",\"position\":1,\"name\":\"Portada\",\"item\":\"https:\\\/\\\/colombiainteligente.org\\\/\"},{\"@type\":\"ListItem\",\"position\":2,\"name\":\"Tienda\",\"item\":\"https:\\\/\\\/colombiainteligente.org\\\/tienda\\\/\"},{\"@type\":\"ListItem\",\"position\":3,\"name\":\"RECURSOS ENERG\u00c9TICOS DISTRIBUIDOS: ACCIONES PARA SU INTEGRACI\u00d3N\"}]},{\"@type\":\"WebSite\",\"@id\":\"https:\\\/\\\/colombiainteligente.org\\\/#website\",\"url\":\"https:\\\/\\\/colombiainteligente.org\\\/\",\"name\":\"Colombia Inteligente\",\"description\":\"Alianza estrat\u00e9gica, conformada por empresas y entidades, para la inserci\u00f3n integral y eficiente de las redes inteligentes a la infraestructura del sector el\u00e9ctrico colombiano\",\"publisher\":{\"@id\":\"https:\\\/\\\/colombiainteligente.org\\\/#organization\"},\"potentialAction\":[{\"@type\":\"SearchAction\",\"target\":{\"@type\":\"EntryPoint\",\"urlTemplate\":\"https:\\\/\\\/colombiainteligente.org\\\/?s={search_term_string}\"},\"query-input\":{\"@type\":\"PropertyValueSpecification\",\"valueRequired\":true,\"valueName\":\"search_term_string\"}}],\"inLanguage\":\"es-CO\"},{\"@type\":\"Organization\",\"@id\":\"https:\\\/\\\/colombiainteligente.org\\\/#organization\",\"name\":\"Colombia Inteligente\",\"url\":\"https:\\\/\\\/colombiainteligente.org\\\/\",\"logo\":{\"@type\":\"ImageObject\",\"inLanguage\":\"es-CO\",\"@id\":\"https:\\\/\\\/colombiainteligente.org\\\/#\\\/schema\\\/logo\\\/image\\\/\",\"url\":\"https:\\\/\\\/colombiainteligente.org\\\/wp-content\\\/uploads\\\/2022\\\/07\\\/Image.png\",\"contentUrl\":\"https:\\\/\\\/colombiainteligente.org\\\/wp-content\\\/uploads\\\/2022\\\/07\\\/Image.png\",\"width\":588,\"height\":274,\"caption\":\"Colombia Inteligente\"},\"image\":{\"@id\":\"https:\\\/\\\/colombiainteligente.org\\\/#\\\/schema\\\/logo\\\/image\\\/\"},\"sameAs\":[\"https:\\\/\\\/x.com\\\/colombiaintelig\",\"https:\\\/\\\/www.linkedin.com\\\/company\\\/colombiainteligente\\\/\"]}]}<\/script>\n<!-- \/ Yoast SEO plugin. -->","yoast_head_json":{"title":"RECURSOS ENERG\u00c9TICOS DISTRIBUIDOS: ACCIONES PARA SU INTEGRACI\u00d3N - Colombia Inteligente","robots":{"index":"index","follow":"follow","max-snippet":"max-snippet:-1","max-image-preview":"max-image-preview:large","max-video-preview":"max-video-preview:-1"},"canonical":"https:\/\/colombiainteligente.org\/es_co\/product\/recursos-energeticos-distribuidos-acciones-para-su-integracion\/","og_locale":"es_ES","og_type":"article","og_title":"RECURSOS ENERG\u00c9TICOS DISTRIBUIDOS: ACCIONES PARA SU INTEGRACI\u00d3N - Colombia Inteligente","og_description":"RECURSOS ENERG\u00c9TICOS DISTRIBUIDOS: ACCIONES PARA SU INTEGRACI\u00d3N","og_url":"https:\/\/colombiainteligente.org\/es_co\/product\/recursos-energeticos-distribuidos-acciones-para-su-integracion\/","og_site_name":"Colombia Inteligente","article_modified_time":"2023-07-21T17:00:02+00:00","og_image":[{"width":611,"height":790,"url":"https:\/\/colombiainteligente.org\/wp-content\/uploads\/2023\/07\/Integracion-DER.png","type":"image\/png"}],"twitter_card":"summary_large_image","twitter_site":"@colombiaintelig","twitter_misc":{"Tiempo estimado de lectura":"2 minutes"},"schema":{"@context":"https:\/\/schema.org","@graph":[{"@type":"WebPage","@id":"https:\/\/colombiainteligente.org\/producto\/recursos-energeticos-distribuidos-acciones-para-su-integracion\/","url":"https:\/\/colombiainteligente.org\/producto\/recursos-energeticos-distribuidos-acciones-para-su-integracion\/","name":"RECURSOS ENERG\u00c9TICOS DISTRIBUIDOS: ACCIONES PARA SU INTEGRACI\u00d3N - Colombia Inteligente","isPartOf":{"@id":"https:\/\/colombiainteligente.org\/#website"},"primaryImageOfPage":{"@id":"https:\/\/colombiainteligente.org\/producto\/recursos-energeticos-distribuidos-acciones-para-su-integracion\/#primaryimage"},"image":{"@id":"https:\/\/colombiainteligente.org\/producto\/recursos-energeticos-distribuidos-acciones-para-su-integracion\/#primaryimage"},"thumbnailUrl":"https:\/\/colombiainteligente.org\/wp-content\/uploads\/2023\/07\/Integracion-DER.png","datePublished":"2023-07-21T16:55:05+00:00","dateModified":"2023-07-21T17:00:02+00:00","breadcrumb":{"@id":"https:\/\/colombiainteligente.org\/producto\/recursos-energeticos-distribuidos-acciones-para-su-integracion\/#breadcrumb"},"inLanguage":"es-CO","potentialAction":[{"@type":"ReadAction","target":["https:\/\/colombiainteligente.org\/producto\/recursos-energeticos-distribuidos-acciones-para-su-integracion\/"]}]},{"@type":"ImageObject","inLanguage":"es-CO","@id":"https:\/\/colombiainteligente.org\/producto\/recursos-energeticos-distribuidos-acciones-para-su-integracion\/#primaryimage","url":"https:\/\/colombiainteligente.org\/wp-content\/uploads\/2023\/07\/Integracion-DER.png","contentUrl":"https:\/\/colombiainteligente.org\/wp-content\/uploads\/2023\/07\/Integracion-DER.png","width":611,"height":790},{"@type":"BreadcrumbList","@id":"https:\/\/colombiainteligente.org\/producto\/recursos-energeticos-distribuidos-acciones-para-su-integracion\/#breadcrumb","itemListElement":[{"@type":"ListItem","position":1,"name":"Portada","item":"https:\/\/colombiainteligente.org\/"},{"@type":"ListItem","position":2,"name":"Tienda","item":"https:\/\/colombiainteligente.org\/tienda\/"},{"@type":"ListItem","position":3,"name":"RECURSOS ENERG\u00c9TICOS DISTRIBUIDOS: ACCIONES PARA SU INTEGRACI\u00d3N"}]},{"@type":"WebSite","@id":"https:\/\/colombiainteligente.org\/#website","url":"https:\/\/colombiainteligente.org\/","name":"Colombia Inteligente","description":"Alianza estrat\u00e9gica, conformada por empresas y entidades, para la inserci\u00f3n integral y eficiente de las redes inteligentes a la infraestructura del sector el\u00e9ctrico colombiano","publisher":{"@id":"https:\/\/colombiainteligente.org\/#organization"},"potentialAction":[{"@type":"SearchAction","target":{"@type":"EntryPoint","urlTemplate":"https:\/\/colombiainteligente.org\/?s={search_term_string}"},"query-input":{"@type":"PropertyValueSpecification","valueRequired":true,"valueName":"search_term_string"}}],"inLanguage":"es-CO"},{"@type":"Organization","@id":"https:\/\/colombiainteligente.org\/#organization","name":"Colombia Inteligente","url":"https:\/\/colombiainteligente.org\/","logo":{"@type":"ImageObject","inLanguage":"es-CO","@id":"https:\/\/colombiainteligente.org\/#\/schema\/logo\/image\/","url":"https:\/\/colombiainteligente.org\/wp-content\/uploads\/2022\/07\/Image.png","contentUrl":"https:\/\/colombiainteligente.org\/wp-content\/uploads\/2022\/07\/Image.png","width":588,"height":274,"caption":"Colombia Inteligente"},"image":{"@id":"https:\/\/colombiainteligente.org\/#\/schema\/logo\/image\/"},"sameAs":["https:\/\/x.com\/colombiaintelig","https:\/\/www.linkedin.com\/company\/colombiainteligente\/"]}]}},"_links":{"self":[{"href":"https:\/\/colombiainteligente.org\/es_co\/wp-json\/wp\/v2\/product\/34489","targetHints":{"allow":["GET"]}}],"collection":[{"href":"https:\/\/colombiainteligente.org\/es_co\/wp-json\/wp\/v2\/product"}],"about":[{"href":"https:\/\/colombiainteligente.org\/es_co\/wp-json\/wp\/v2\/types\/product"}],"replies":[{"embeddable":true,"href":"https:\/\/colombiainteligente.org\/es_co\/wp-json\/wp\/v2\/comments?post=34489"}],"wp:featuredmedia":[{"embeddable":true,"href":"https:\/\/colombiainteligente.org\/es_co\/wp-json\/wp\/v2\/media\/34490"}],"wp:attachment":[{"href":"https:\/\/colombiainteligente.org\/es_co\/wp-json\/wp\/v2\/media?parent=34489"}],"wp:term":[{"taxonomy":"product_cat","embeddable":true,"href":"https:\/\/colombiainteligente.org\/es_co\/wp-json\/wp\/v2\/product_cat?post=34489"},{"taxonomy":"product_tag","embeddable":true,"href":"https:\/\/colombiainteligente.org\/es_co\/wp-json\/wp\/v2\/product_tag?post=34489"}],"curies":[{"name":"wp","href":"https:\/\/api.w.org\/{rel}","templated":true}]}}