{"id":34492,"date":"2023-07-21T12:02:00","date_gmt":"2023-07-21T17:02:00","guid":{"rendered":"https:\/\/colombiainteligente.org\/?post_type=product&#038;p=34492"},"modified":"2023-07-21T12:28:29","modified_gmt":"2023-07-21T17:28:29","slug":"arquitectura-tecnologica-ami-interoperabilidad-estandares-y-casos-de-uso-base-para-la-implementacion-ami","status":"publish","type":"product","link":"https:\/\/colombiainteligente.org\/es_co\/product\/arquitectura-tecnologica-ami-interoperabilidad-estandares-y-casos-de-uso-base-para-la-implementacion-ami\/","title":{"rendered":"ARQUITECTURA TECNOL\u00d3GICA AMI INTEROPERABILIDAD, EST\u00c1NDARES Y CASOS DE USO BASE PARA LA IMPLEMENTACI\u00d3N AMI"},"content":{"rendered":"<p>Colombia le apuesta a la integraci\u00f3n de tecnolog\u00edas para lograr una mayor y m\u00e1s activa participaci\u00f3n de los usuarios del servicio de energ\u00eda el\u00e9ctrica. En 2018, se dio un paso firme para que los usuarios del servicio de energ\u00eda el\u00e9ctrica entren a un fase de transformaci\u00f3n y puedan aprovechar los beneficios de los medidores avanzados, tales como, poder conocer sus consumos cuando lo deseen, controlar el uso del servicio, controlar el valor de la factura del servicio, por mencionar algunos, as\u00ed como beneficios para los responsables de la AMI que se traducir\u00edan en mejoras de la calidad del servicio. <br \/> <br \/>\nLa implementaci\u00f3n de la medici\u00f3n avanzada en el pa\u00eds requiere del desarrollo de diferentes fases, en general, podemos identificar 3 fases principales: 1) definici\u00f3n de la pol\u00edtica p\u00fablica (definiciones, funcionalidades, meta de desarrollo, entre otros), 2) dise\u00f1o de las reglas (mecanismo de reconocimiento de inversiones y funcionamiento, criterios para el dise\u00f1o del plan de implementaci\u00f3n e Indicadores de desempe\u00f1o y la arquitectura tecnol\u00f3gica -actores, responsabilidades, est\u00e1ndares\/protocolos- para dar cumplimiento a las funcionalidades AMI, y 3) la ejecuci\u00f3n del despliegue AMI con base en la pol\u00edtica y las reglas establecidas (dise\u00f1o del plan\/infraestructura, an\u00e1lisis de factibilidad y pilotos, adquisici\u00f3n,<br \/>\nformaci\u00f3n y socializaci\u00f3n, despliegue y puesta en operaci\u00f3n, seguimiento y evaluaci\u00f3n, entre otros). <br \/> <br \/>\nDe acuerdo a lo anterior, el pa\u00eds ha avanzado en su pol\u00edtica mediante los lineamientos descritos en la resoluci\u00f3n MINENERG\u00cdA 4 0072\/18 (modificada por la resoluci\u00f3n MINENERG\u00cdA 4 0483\/19 y 4 0142\/20), y a nivel de la reglamentaci\u00f3n, la CREG ha publicado a consulta la resoluci\u00f3n 131\/20 donde se establecer\u00eda el marco regulatorio para la implementaci\u00f3n de AMI soportado en los diferentes estudios que ha realizado (Documento CREG 077 -circular CREG 054\/18-, circular CREG 035\/18, circular CREG 003\/20). <br \/> <br \/>\nEn general, la reglamentaci\u00f3n en consulta establecer\u00eda el mecanismo de reconocimiento de inversiones y funcionamiento y los criterios para el dise\u00f1o del plan de implementaci\u00f3n e Indicadores de desempe\u00f1o. En ese contexto, el presente estudio propone complementar los requerimientos a nivel de la arquitectura tecnol\u00f3gica para garantizar las funcionalidades descritas en la pol\u00edtica AMI mediante la identificaci\u00f3n de actores, responsables, flujos de informaci\u00f3n y est\u00e1ndares\/protocolos que garanticen eficiencias en la implementaci\u00f3n AMI, la seguridad e interoperabilidad a nivel de la informaci\u00f3n.<br \/> <br \/>\nEl presente documento contiene 5 cap\u00edtulos, en el primero se hace una descripci\u00f3n general de los diferentes componentes de la infraestructura AMI, en el segundo se abordan los requerimientos de interoperabilidad y especificaciones complementarias (perfiles), seguido del tercer cap\u00edtulo donde se<br \/>\npresenta un referenciamiento internacional para identificar fortalezas y limitaciones. De esta forma, en el cap\u00edtulo 4, se proponen los requerimientos de arquitectura tecnol\u00f3gica mediante el dise\u00f1o de casos de uso para soportar las funcionalidades AMI y por \u00faltimo se describen recomendaciones. En el Anexo I se consolidan los resultados de los talleres realizados respecto a las perspectivas tecnol\u00f3gicas AMI en Colombia. <br \/> <br \/>\nSeptiembre de 2020<\/p>\n<div style=\"text-align:center\" class=\"yasr-auto-insert-visitor\"><\/div>","protected":false},"excerpt":{"rendered":"<p>ARQUITECTURA TECNOL\u00d3GICA AMI INTEROPERABILIDAD, EST\u00c1NDARES Y CASOS DE USO BASE PARA LA IMPLEMENTACI\u00d3N AMI <\/p>","protected":false},"featured_media":34496,"comment_status":"open","ping_status":"closed","template":"","meta":{"yasr_overall_rating":0,"yasr_post_is_review":"","yasr_auto_insert_disabled":"","yasr_review_type":""},"product_cat":[34,30],"product_tag":[43],"class_list":["post-34492","product","type-product","status-publish","has-post-thumbnail","hentry","product_cat-informacion-avanzada","product_cat-mejoramiento-de-la-calidad-del-servicio-al-usuario","product_tag-aplicaciones-escalables"],"yasr_visitor_votes":{"number_of_votes":0,"sum_votes":0,"stars_attributes":{"read_only":false,"span_bottom":false}},"yoast_head":"<!-- This site is optimized with the Yoast SEO plugin v27.3 - https:\/\/yoast.com\/product\/yoast-seo-wordpress\/ -->\n<title>ARQUITECTURA TECNOL\u00d3GICA AMI INTEROPERABILIDAD, EST\u00c1NDARES Y CASOS DE USO BASE PARA LA IMPLEMENTACI\u00d3N AMI - Colombia Inteligente<\/title>\n<meta name=\"robots\" content=\"index, follow, max-snippet:-1, max-image-preview:large, max-video-preview:-1\" \/>\n<link rel=\"canonical\" href=\"https:\/\/colombiainteligente.org\/es_co\/product\/arquitectura-tecnologica-ami-interoperabilidad-estandares-y-casos-de-uso-base-para-la-implementacion-ami\/\" \/>\n<meta property=\"og:locale\" content=\"es_ES\" \/>\n<meta property=\"og:type\" content=\"article\" \/>\n<meta property=\"og:title\" content=\"ARQUITECTURA TECNOL\u00d3GICA AMI INTEROPERABILIDAD, EST\u00c1NDARES Y CASOS DE USO BASE PARA LA IMPLEMENTACI\u00d3N AMI - Colombia Inteligente\" \/>\n<meta property=\"og:description\" content=\"ARQUITECTURA TECNOL\u00d3GICA AMI INTEROPERABILIDAD, EST\u00c1NDARES Y CASOS DE USO BASE PARA LA IMPLEMENTACI\u00d3N AMI\" \/>\n<meta property=\"og:url\" content=\"https:\/\/colombiainteligente.org\/es_co\/product\/arquitectura-tecnologica-ami-interoperabilidad-estandares-y-casos-de-uso-base-para-la-implementacion-ami\/\" \/>\n<meta property=\"og:site_name\" content=\"Colombia Inteligente\" \/>\n<meta property=\"article:modified_time\" content=\"2023-07-21T17:28:29+00:00\" \/>\n<meta property=\"og:image\" content=\"https:\/\/colombiainteligente.org\/wp-content\/uploads\/2023\/07\/Arquitectura.png\" \/>\n\t<meta property=\"og:image:width\" content=\"914\" \/>\n\t<meta property=\"og:image:height\" content=\"1181\" \/>\n\t<meta property=\"og:image:type\" content=\"image\/png\" \/>\n<meta name=\"twitter:card\" content=\"summary_large_image\" \/>\n<meta name=\"twitter:site\" content=\"@colombiaintelig\" \/>\n<meta name=\"twitter:label1\" content=\"Tiempo estimado de lectura\" \/>\n\t<meta name=\"twitter:data1\" content=\"3 minutes\" \/>\n<script type=\"application\/ld+json\" class=\"yoast-schema-graph\">{\"@context\":\"https:\\\/\\\/schema.org\",\"@graph\":[{\"@type\":\"WebPage\",\"@id\":\"https:\\\/\\\/colombiainteligente.org\\\/producto\\\/arquitectura-tecnologica-ami-interoperabilidad-estandares-y-casos-de-uso-base-para-la-implementacion-ami\\\/\",\"url\":\"https:\\\/\\\/colombiainteligente.org\\\/producto\\\/arquitectura-tecnologica-ami-interoperabilidad-estandares-y-casos-de-uso-base-para-la-implementacion-ami\\\/\",\"name\":\"ARQUITECTURA TECNOL\u00d3GICA AMI INTEROPERABILIDAD, EST\u00c1NDARES Y CASOS DE USO BASE PARA LA IMPLEMENTACI\u00d3N AMI - Colombia Inteligente\",\"isPartOf\":{\"@id\":\"https:\\\/\\\/colombiainteligente.org\\\/#website\"},\"primaryImageOfPage\":{\"@id\":\"https:\\\/\\\/colombiainteligente.org\\\/producto\\\/arquitectura-tecnologica-ami-interoperabilidad-estandares-y-casos-de-uso-base-para-la-implementacion-ami\\\/#primaryimage\"},\"image\":{\"@id\":\"https:\\\/\\\/colombiainteligente.org\\\/producto\\\/arquitectura-tecnologica-ami-interoperabilidad-estandares-y-casos-de-uso-base-para-la-implementacion-ami\\\/#primaryimage\"},\"thumbnailUrl\":\"https:\\\/\\\/colombiainteligente.org\\\/wp-content\\\/uploads\\\/2023\\\/07\\\/Arquitectura.png\",\"datePublished\":\"2023-07-21T17:02:00+00:00\",\"dateModified\":\"2023-07-21T17:28:29+00:00\",\"breadcrumb\":{\"@id\":\"https:\\\/\\\/colombiainteligente.org\\\/producto\\\/arquitectura-tecnologica-ami-interoperabilidad-estandares-y-casos-de-uso-base-para-la-implementacion-ami\\\/#breadcrumb\"},\"inLanguage\":\"es-CO\",\"potentialAction\":[{\"@type\":\"ReadAction\",\"target\":[\"https:\\\/\\\/colombiainteligente.org\\\/producto\\\/arquitectura-tecnologica-ami-interoperabilidad-estandares-y-casos-de-uso-base-para-la-implementacion-ami\\\/\"]}]},{\"@type\":\"ImageObject\",\"inLanguage\":\"es-CO\",\"@id\":\"https:\\\/\\\/colombiainteligente.org\\\/producto\\\/arquitectura-tecnologica-ami-interoperabilidad-estandares-y-casos-de-uso-base-para-la-implementacion-ami\\\/#primaryimage\",\"url\":\"https:\\\/\\\/colombiainteligente.org\\\/wp-content\\\/uploads\\\/2023\\\/07\\\/Arquitectura.png\",\"contentUrl\":\"https:\\\/\\\/colombiainteligente.org\\\/wp-content\\\/uploads\\\/2023\\\/07\\\/Arquitectura.png\",\"width\":914,\"height\":1181},{\"@type\":\"BreadcrumbList\",\"@id\":\"https:\\\/\\\/colombiainteligente.org\\\/producto\\\/arquitectura-tecnologica-ami-interoperabilidad-estandares-y-casos-de-uso-base-para-la-implementacion-ami\\\/#breadcrumb\",\"itemListElement\":[{\"@type\":\"ListItem\",\"position\":1,\"name\":\"Portada\",\"item\":\"https:\\\/\\\/colombiainteligente.org\\\/\"},{\"@type\":\"ListItem\",\"position\":2,\"name\":\"Tienda\",\"item\":\"https:\\\/\\\/colombiainteligente.org\\\/tienda\\\/\"},{\"@type\":\"ListItem\",\"position\":3,\"name\":\"ARQUITECTURA TECNOL\u00d3GICA AMI INTEROPERABILIDAD, EST\u00c1NDARES Y CASOS DE USO BASE PARA LA IMPLEMENTACI\u00d3N AMI\"}]},{\"@type\":\"WebSite\",\"@id\":\"https:\\\/\\\/colombiainteligente.org\\\/#website\",\"url\":\"https:\\\/\\\/colombiainteligente.org\\\/\",\"name\":\"Colombia Inteligente\",\"description\":\"Alianza estrat\u00e9gica, conformada por empresas y entidades, para la inserci\u00f3n integral y eficiente de las redes inteligentes a la infraestructura del sector el\u00e9ctrico colombiano\",\"publisher\":{\"@id\":\"https:\\\/\\\/colombiainteligente.org\\\/#organization\"},\"potentialAction\":[{\"@type\":\"SearchAction\",\"target\":{\"@type\":\"EntryPoint\",\"urlTemplate\":\"https:\\\/\\\/colombiainteligente.org\\\/?s={search_term_string}\"},\"query-input\":{\"@type\":\"PropertyValueSpecification\",\"valueRequired\":true,\"valueName\":\"search_term_string\"}}],\"inLanguage\":\"es-CO\"},{\"@type\":\"Organization\",\"@id\":\"https:\\\/\\\/colombiainteligente.org\\\/#organization\",\"name\":\"Colombia Inteligente\",\"url\":\"https:\\\/\\\/colombiainteligente.org\\\/\",\"logo\":{\"@type\":\"ImageObject\",\"inLanguage\":\"es-CO\",\"@id\":\"https:\\\/\\\/colombiainteligente.org\\\/#\\\/schema\\\/logo\\\/image\\\/\",\"url\":\"https:\\\/\\\/colombiainteligente.org\\\/wp-content\\\/uploads\\\/2022\\\/07\\\/Image.png\",\"contentUrl\":\"https:\\\/\\\/colombiainteligente.org\\\/wp-content\\\/uploads\\\/2022\\\/07\\\/Image.png\",\"width\":588,\"height\":274,\"caption\":\"Colombia Inteligente\"},\"image\":{\"@id\":\"https:\\\/\\\/colombiainteligente.org\\\/#\\\/schema\\\/logo\\\/image\\\/\"},\"sameAs\":[\"https:\\\/\\\/x.com\\\/colombiaintelig\",\"https:\\\/\\\/www.linkedin.com\\\/company\\\/colombiainteligente\\\/\"]}]}<\/script>\n<!-- \/ Yoast SEO plugin. -->","yoast_head_json":{"title":"ARQUITECTURA TECNOL\u00d3GICA AMI INTEROPERABILIDAD, EST\u00c1NDARES Y CASOS DE USO BASE PARA LA IMPLEMENTACI\u00d3N AMI - Colombia Inteligente","robots":{"index":"index","follow":"follow","max-snippet":"max-snippet:-1","max-image-preview":"max-image-preview:large","max-video-preview":"max-video-preview:-1"},"canonical":"https:\/\/colombiainteligente.org\/es_co\/product\/arquitectura-tecnologica-ami-interoperabilidad-estandares-y-casos-de-uso-base-para-la-implementacion-ami\/","og_locale":"es_ES","og_type":"article","og_title":"ARQUITECTURA TECNOL\u00d3GICA AMI INTEROPERABILIDAD, EST\u00c1NDARES Y CASOS DE USO BASE PARA LA IMPLEMENTACI\u00d3N AMI - Colombia Inteligente","og_description":"ARQUITECTURA TECNOL\u00d3GICA AMI INTEROPERABILIDAD, EST\u00c1NDARES Y CASOS DE USO BASE PARA LA IMPLEMENTACI\u00d3N AMI","og_url":"https:\/\/colombiainteligente.org\/es_co\/product\/arquitectura-tecnologica-ami-interoperabilidad-estandares-y-casos-de-uso-base-para-la-implementacion-ami\/","og_site_name":"Colombia Inteligente","article_modified_time":"2023-07-21T17:28:29+00:00","og_image":[{"width":914,"height":1181,"url":"https:\/\/colombiainteligente.org\/wp-content\/uploads\/2023\/07\/Arquitectura.png","type":"image\/png"}],"twitter_card":"summary_large_image","twitter_site":"@colombiaintelig","twitter_misc":{"Tiempo estimado de lectura":"3 minutes"},"schema":{"@context":"https:\/\/schema.org","@graph":[{"@type":"WebPage","@id":"https:\/\/colombiainteligente.org\/producto\/arquitectura-tecnologica-ami-interoperabilidad-estandares-y-casos-de-uso-base-para-la-implementacion-ami\/","url":"https:\/\/colombiainteligente.org\/producto\/arquitectura-tecnologica-ami-interoperabilidad-estandares-y-casos-de-uso-base-para-la-implementacion-ami\/","name":"ARQUITECTURA TECNOL\u00d3GICA AMI INTEROPERABILIDAD, EST\u00c1NDARES Y CASOS DE USO BASE PARA LA IMPLEMENTACI\u00d3N AMI - Colombia Inteligente","isPartOf":{"@id":"https:\/\/colombiainteligente.org\/#website"},"primaryImageOfPage":{"@id":"https:\/\/colombiainteligente.org\/producto\/arquitectura-tecnologica-ami-interoperabilidad-estandares-y-casos-de-uso-base-para-la-implementacion-ami\/#primaryimage"},"image":{"@id":"https:\/\/colombiainteligente.org\/producto\/arquitectura-tecnologica-ami-interoperabilidad-estandares-y-casos-de-uso-base-para-la-implementacion-ami\/#primaryimage"},"thumbnailUrl":"https:\/\/colombiainteligente.org\/wp-content\/uploads\/2023\/07\/Arquitectura.png","datePublished":"2023-07-21T17:02:00+00:00","dateModified":"2023-07-21T17:28:29+00:00","breadcrumb":{"@id":"https:\/\/colombiainteligente.org\/producto\/arquitectura-tecnologica-ami-interoperabilidad-estandares-y-casos-de-uso-base-para-la-implementacion-ami\/#breadcrumb"},"inLanguage":"es-CO","potentialAction":[{"@type":"ReadAction","target":["https:\/\/colombiainteligente.org\/producto\/arquitectura-tecnologica-ami-interoperabilidad-estandares-y-casos-de-uso-base-para-la-implementacion-ami\/"]}]},{"@type":"ImageObject","inLanguage":"es-CO","@id":"https:\/\/colombiainteligente.org\/producto\/arquitectura-tecnologica-ami-interoperabilidad-estandares-y-casos-de-uso-base-para-la-implementacion-ami\/#primaryimage","url":"https:\/\/colombiainteligente.org\/wp-content\/uploads\/2023\/07\/Arquitectura.png","contentUrl":"https:\/\/colombiainteligente.org\/wp-content\/uploads\/2023\/07\/Arquitectura.png","width":914,"height":1181},{"@type":"BreadcrumbList","@id":"https:\/\/colombiainteligente.org\/producto\/arquitectura-tecnologica-ami-interoperabilidad-estandares-y-casos-de-uso-base-para-la-implementacion-ami\/#breadcrumb","itemListElement":[{"@type":"ListItem","position":1,"name":"Portada","item":"https:\/\/colombiainteligente.org\/"},{"@type":"ListItem","position":2,"name":"Tienda","item":"https:\/\/colombiainteligente.org\/tienda\/"},{"@type":"ListItem","position":3,"name":"ARQUITECTURA TECNOL\u00d3GICA AMI INTEROPERABILIDAD, EST\u00c1NDARES Y CASOS DE USO BASE PARA LA IMPLEMENTACI\u00d3N AMI"}]},{"@type":"WebSite","@id":"https:\/\/colombiainteligente.org\/#website","url":"https:\/\/colombiainteligente.org\/","name":"Colombia Inteligente","description":"Alianza estrat\u00e9gica, conformada por empresas y entidades, para la inserci\u00f3n integral y eficiente de las redes inteligentes a la infraestructura del sector el\u00e9ctrico colombiano","publisher":{"@id":"https:\/\/colombiainteligente.org\/#organization"},"potentialAction":[{"@type":"SearchAction","target":{"@type":"EntryPoint","urlTemplate":"https:\/\/colombiainteligente.org\/?s={search_term_string}"},"query-input":{"@type":"PropertyValueSpecification","valueRequired":true,"valueName":"search_term_string"}}],"inLanguage":"es-CO"},{"@type":"Organization","@id":"https:\/\/colombiainteligente.org\/#organization","name":"Colombia Inteligente","url":"https:\/\/colombiainteligente.org\/","logo":{"@type":"ImageObject","inLanguage":"es-CO","@id":"https:\/\/colombiainteligente.org\/#\/schema\/logo\/image\/","url":"https:\/\/colombiainteligente.org\/wp-content\/uploads\/2022\/07\/Image.png","contentUrl":"https:\/\/colombiainteligente.org\/wp-content\/uploads\/2022\/07\/Image.png","width":588,"height":274,"caption":"Colombia Inteligente"},"image":{"@id":"https:\/\/colombiainteligente.org\/#\/schema\/logo\/image\/"},"sameAs":["https:\/\/x.com\/colombiaintelig","https:\/\/www.linkedin.com\/company\/colombiainteligente\/"]}]}},"_links":{"self":[{"href":"https:\/\/colombiainteligente.org\/es_co\/wp-json\/wp\/v2\/product\/34492","targetHints":{"allow":["GET"]}}],"collection":[{"href":"https:\/\/colombiainteligente.org\/es_co\/wp-json\/wp\/v2\/product"}],"about":[{"href":"https:\/\/colombiainteligente.org\/es_co\/wp-json\/wp\/v2\/types\/product"}],"replies":[{"embeddable":true,"href":"https:\/\/colombiainteligente.org\/es_co\/wp-json\/wp\/v2\/comments?post=34492"}],"wp:featuredmedia":[{"embeddable":true,"href":"https:\/\/colombiainteligente.org\/es_co\/wp-json\/wp\/v2\/media\/34496"}],"wp:attachment":[{"href":"https:\/\/colombiainteligente.org\/es_co\/wp-json\/wp\/v2\/media?parent=34492"}],"wp:term":[{"taxonomy":"product_cat","embeddable":true,"href":"https:\/\/colombiainteligente.org\/es_co\/wp-json\/wp\/v2\/product_cat?post=34492"},{"taxonomy":"product_tag","embeddable":true,"href":"https:\/\/colombiainteligente.org\/es_co\/wp-json\/wp\/v2\/product_tag?post=34492"}],"curies":[{"name":"wp","href":"https:\/\/api.w.org\/{rel}","templated":true}]}}