{"id":39209,"date":"2024-01-15T12:02:31","date_gmt":"2024-01-15T17:02:31","guid":{"rendered":"https:\/\/colombiainteligente.org\/?post_type=product&#038;p=39209"},"modified":"2024-01-15T18:28:19","modified_gmt":"2024-01-15T23:28:19","slug":"experiencias-comunitarias","status":"publish","type":"product","link":"https:\/\/colombiainteligente.org\/es_co\/product\/experiencias-comunitarias\/","title":{"rendered":"Experiencias Comunitarias: Lecciones aprendidas para fomentar proyectos de energ\u00eda con enfoque participativo \u2013 Comunitario"},"content":{"rendered":"<p>Este documento tiene como objetivo presentar antecedentes, experiencias y recomendaciones para la creaci\u00f3n y uso eficiente de energ\u00eda renovable en proyectos de energ\u00eda comunitaria en Colombia, para lograr el objetivo mencionado el presente documento est\u00e1 estructurado en las siguientes tres secciones:<\/p>\n<ol>\n<li><strong>Antecedentes: <\/strong>En esta secci\u00f3n se describen los antecedentes y marco normativo que han impulsado la implementaci\u00f3n de comunidades energ\u00e9ticas en Colombia. Se presentan las pol\u00edticas y estrategias que han sido implementadas tanto por el gobierno colombiano como por algunas empresas y entidades para fomentar la generaci\u00f3n y uso de energ\u00eda renovable en el pa\u00eds, as\u00ed como los desaf\u00edos y oportunidades que se presentan en este \u00e1mbito.<\/li>\n<li><strong>Experiencias Colombia: <\/strong>En esta secci\u00f3n se presentan proyectos y estrategias que han sido desarrollados en Colombia para fomentar la generaci\u00f3n y uso de energ\u00eda renovable en comunidades espec\u00edficas, distritos y ciudades. Se presentan los objetivos y lecciones aprendidas de cada proyecto o estrategia, con el objetivo de ofrecer informaci\u00f3n \u00fatil para la implementaci\u00f3n de nuevos proyectos comunitarios en el pa\u00eds a trav\u00e9s de cinco tem\u00e1ticas:\n<ol>\n<li><strong>Proyectos con enfoque comunitario: <\/strong>aqu\u00ed se presentan proyectos que han sido desarrollados en comunidades espec\u00edficas en Colombia, con el objetivo de fomentar la generaci\u00f3n y uso de energ\u00eda renovable. Estos proyectos han sido implementados por diferentes actores, como organizaciones no gubernamentales, empresas privadas y comunidades locales, y han utilizado diferentes tecnolog\u00edas renovables. Los proyectos presentados en esta tem\u00e1tica han tenido un impacto positivo en las comunidades donde se han implementado, dado que han mejorado el acceso a energ\u00eda limpia y han reducido los costos de energ\u00eda para los usuarios. Adem\u00e1s, estos proyectos han fomentado la participaci\u00f3n activa de las comunidades en la creaci\u00f3n y operaci\u00f3n de las comunidades energ\u00e9ticas, lo que ha empoderado a las comunidades y ha promovido su desarrollo sostenible.<\/li>\n<li><strong>Convocatorias para el fomento de Comunidades Energ\u00e9ticas:<\/strong> en este apartado se presentan las convocatorias que han sido lanzadas por el gobierno colombiano para fomentar la creaci\u00f3n de proyectos de energ\u00eda comunitaria en el pa\u00eds. Estas convocatorias ofrecen recursos no reembolsables para apoyar iniciativas que tengan un impacto positivo en la transici\u00f3n hacia una matriz energ\u00e9tica m\u00e1s sostenible y en la mejora de los servicios energ\u00e9ticos para las comunidades. Las convocatorias buscan fomentar la activa participaci\u00f3n de las comunidades en la toma de decisiones relacionadas con la energ\u00eda y promover el desarrollo sostenible en las \u00e1reas locales. Al involucrar a las comunidades en la gesti\u00f3n de las empresas de energ\u00eda y en la implementaci\u00f3n de proyectos de energ\u00eda sostenible, se crea un sentido de propiedad y responsabilidad, adem\u00e1s de fomentar la generaci\u00f3n de empleo y la mejora de la calidad de vida.<\/li>\n<\/ol>\n<\/li>\n<\/ol>\n<ul>\n<li><strong>Iniciativas de propiedad compartida:<\/strong> se presentan tres proyectos de propiedad comunitaria ubicados en las regiones de La Guajira y C\u00f3rdoba. Cada uno de estos proyectos ejemplifica la colaboraci\u00f3n provechosa entre diversos actores, redefiniendo la manera en que se abordan los desaf\u00edos locales y se impulsa el desarrollo sostenible. Estos proyectos no solo representan avances en la generaci\u00f3n de energ\u00eda, sino que tambi\u00e9n establecen un paradigma de participaci\u00f3n ciudadana en la toma de decisiones. Desde la operaci\u00f3n compartida de un parque e\u00f3lico en La Guajira hasta la combinaci\u00f3n innovadora de generaci\u00f3n solar y actividades agr\u00edcolas en C\u00f3rdoba, as\u00ed como la transformaci\u00f3n de una comunidad ind\u00edgena en La Guajira a trav\u00e9s de una tienda alimentada por energ\u00eda solar, cada iniciativa trae consigo un cambio tangible y valioso.<\/li>\n<\/ul>\n<ol>\n<li><strong>Iniciativa Ciudades Energ\u00e9ticas<\/strong>: se presenta esta iniciativa como una herramienta de gesti\u00f3n municipal originada en Suiza hace 25 a\u00f1os. Su enfoque se centra en impulsar proyectos de eficiencia energ\u00e9tica, energ\u00edas renovables y movilidad sostenible a nivel local, a trav\u00e9s de colaboraciones innovadoras que involucran a autoridades municipales, instituciones acad\u00e9micas, sectores productivos y la sociedad civil.<\/li>\n<li><strong>Distritos t\u00e9rmicos:<\/strong> se presentan varios proyectos en Colombia que tienen como objetivo reducir emisiones de gases de efecto invernadero y sustancias agotadoras de la capa de ozono, mejorar la eficiencia energ\u00e9tica en servicios de refrigeraci\u00f3n y calefacci\u00f3n en edificios p\u00fablicos y privados, y promover el uso de recursos renovables.<\/li>\n<\/ol>\n<p>Septiembre de 2023<\/p>\n<div style=\"text-align:center\" class=\"yasr-auto-insert-visitor\"><\/div>","protected":false},"excerpt":{"rendered":"<p>Experiencias Comunitarias: Lecciones aprendidas para fomentar proyectos de energ\u00eda con enfoque participativo \u2013 Comunitario<\/p>","protected":false},"featured_media":39242,"comment_status":"open","ping_status":"closed","template":"","meta":{"yasr_overall_rating":0,"yasr_post_is_review":"","yasr_auto_insert_disabled":"","yasr_review_type":""},"product_cat":[35,38],"product_tag":[24],"class_list":["post-39209","product","type-product","status-publish","has-post-thumbnail","hentry","product_cat-garantizar-confiabilidad-resiliencia-e-interoperabilidad-en-el-servicio","product_cat-habilitar-servicios-descentralizados-flexibles-y-multi-producto","product_tag-en-investigacion"],"yasr_visitor_votes":{"number_of_votes":0,"sum_votes":0,"stars_attributes":{"read_only":false,"span_bottom":false}},"yoast_head":"<!-- This site is optimized with the Yoast SEO plugin v27.3 - https:\/\/yoast.com\/product\/yoast-seo-wordpress\/ -->\n<title>Experiencias Comunitarias: Lecciones aprendidas para fomentar proyectos de energ\u00eda con enfoque participativo \u2013 Comunitario - Colombia Inteligente<\/title>\n<meta name=\"robots\" content=\"index, follow, max-snippet:-1, max-image-preview:large, max-video-preview:-1\" \/>\n<link rel=\"canonical\" href=\"https:\/\/colombiainteligente.org\/es_co\/product\/experiencias-comunitarias\/\" \/>\n<meta property=\"og:locale\" content=\"es_ES\" \/>\n<meta property=\"og:type\" content=\"article\" \/>\n<meta property=\"og:title\" content=\"Experiencias Comunitarias: Lecciones aprendidas para fomentar proyectos de energ\u00eda con enfoque participativo \u2013 Comunitario - Colombia Inteligente\" \/>\n<meta property=\"og:description\" content=\"Experiencias Comunitarias: Lecciones aprendidas para fomentar proyectos de energ\u00eda con enfoque participativo \u2013 Comunitario\" \/>\n<meta property=\"og:url\" content=\"https:\/\/colombiainteligente.org\/es_co\/product\/experiencias-comunitarias\/\" \/>\n<meta property=\"og:site_name\" content=\"Colombia Inteligente\" \/>\n<meta property=\"article:modified_time\" content=\"2024-01-15T23:28:19+00:00\" \/>\n<meta property=\"og:image\" content=\"https:\/\/colombiainteligente.org\/wp-content\/uploads\/2024\/01\/Expereincias-comunitarias.png\" \/>\n\t<meta property=\"og:image:width\" content=\"1263\" \/>\n\t<meta property=\"og:image:height\" content=\"716\" \/>\n\t<meta property=\"og:image:type\" content=\"image\/png\" \/>\n<meta name=\"twitter:card\" content=\"summary_large_image\" \/>\n<meta name=\"twitter:site\" content=\"@colombiaintelig\" \/>\n<meta name=\"twitter:label1\" content=\"Tiempo estimado de lectura\" \/>\n\t<meta name=\"twitter:data1\" content=\"4 minutes\" \/>\n<script type=\"application\/ld+json\" class=\"yoast-schema-graph\">{\"@context\":\"https:\\\/\\\/schema.org\",\"@graph\":[{\"@type\":\"WebPage\",\"@id\":\"https:\\\/\\\/colombiainteligente.org\\\/producto\\\/experiencias-comunitarias\\\/\",\"url\":\"https:\\\/\\\/colombiainteligente.org\\\/producto\\\/experiencias-comunitarias\\\/\",\"name\":\"Experiencias Comunitarias: Lecciones aprendidas para fomentar proyectos de energ\u00eda con enfoque participativo \u2013 Comunitario - Colombia Inteligente\",\"isPartOf\":{\"@id\":\"https:\\\/\\\/colombiainteligente.org\\\/#website\"},\"primaryImageOfPage\":{\"@id\":\"https:\\\/\\\/colombiainteligente.org\\\/producto\\\/experiencias-comunitarias\\\/#primaryimage\"},\"image\":{\"@id\":\"https:\\\/\\\/colombiainteligente.org\\\/producto\\\/experiencias-comunitarias\\\/#primaryimage\"},\"thumbnailUrl\":\"https:\\\/\\\/colombiainteligente.org\\\/wp-content\\\/uploads\\\/2024\\\/01\\\/Expereincias-comunitarias.png\",\"datePublished\":\"2024-01-15T17:02:31+00:00\",\"dateModified\":\"2024-01-15T23:28:19+00:00\",\"breadcrumb\":{\"@id\":\"https:\\\/\\\/colombiainteligente.org\\\/producto\\\/experiencias-comunitarias\\\/#breadcrumb\"},\"inLanguage\":\"es-CO\",\"potentialAction\":[{\"@type\":\"ReadAction\",\"target\":[\"https:\\\/\\\/colombiainteligente.org\\\/producto\\\/experiencias-comunitarias\\\/\"]}]},{\"@type\":\"ImageObject\",\"inLanguage\":\"es-CO\",\"@id\":\"https:\\\/\\\/colombiainteligente.org\\\/producto\\\/experiencias-comunitarias\\\/#primaryimage\",\"url\":\"https:\\\/\\\/colombiainteligente.org\\\/wp-content\\\/uploads\\\/2024\\\/01\\\/Expereincias-comunitarias.png\",\"contentUrl\":\"https:\\\/\\\/colombiainteligente.org\\\/wp-content\\\/uploads\\\/2024\\\/01\\\/Expereincias-comunitarias.png\",\"width\":1263,\"height\":716,\"caption\":\"2401-04bat\"},{\"@type\":\"BreadcrumbList\",\"@id\":\"https:\\\/\\\/colombiainteligente.org\\\/producto\\\/experiencias-comunitarias\\\/#breadcrumb\",\"itemListElement\":[{\"@type\":\"ListItem\",\"position\":1,\"name\":\"Portada\",\"item\":\"https:\\\/\\\/colombiainteligente.org\\\/\"},{\"@type\":\"ListItem\",\"position\":2,\"name\":\"Tienda\",\"item\":\"https:\\\/\\\/colombiainteligente.org\\\/tienda\\\/\"},{\"@type\":\"ListItem\",\"position\":3,\"name\":\"Experiencias Comunitarias: Lecciones aprendidas para fomentar proyectos de energ\u00eda con enfoque participativo \u2013 Comunitario\"}]},{\"@type\":\"WebSite\",\"@id\":\"https:\\\/\\\/colombiainteligente.org\\\/#website\",\"url\":\"https:\\\/\\\/colombiainteligente.org\\\/\",\"name\":\"Colombia Inteligente\",\"description\":\"Alianza estrat\u00e9gica, conformada por empresas y entidades, para la inserci\u00f3n integral y eficiente de las redes inteligentes a la infraestructura del sector el\u00e9ctrico colombiano\",\"publisher\":{\"@id\":\"https:\\\/\\\/colombiainteligente.org\\\/#organization\"},\"potentialAction\":[{\"@type\":\"SearchAction\",\"target\":{\"@type\":\"EntryPoint\",\"urlTemplate\":\"https:\\\/\\\/colombiainteligente.org\\\/?s={search_term_string}\"},\"query-input\":{\"@type\":\"PropertyValueSpecification\",\"valueRequired\":true,\"valueName\":\"search_term_string\"}}],\"inLanguage\":\"es-CO\"},{\"@type\":\"Organization\",\"@id\":\"https:\\\/\\\/colombiainteligente.org\\\/#organization\",\"name\":\"Colombia Inteligente\",\"url\":\"https:\\\/\\\/colombiainteligente.org\\\/\",\"logo\":{\"@type\":\"ImageObject\",\"inLanguage\":\"es-CO\",\"@id\":\"https:\\\/\\\/colombiainteligente.org\\\/#\\\/schema\\\/logo\\\/image\\\/\",\"url\":\"https:\\\/\\\/colombiainteligente.org\\\/wp-content\\\/uploads\\\/2022\\\/07\\\/Image.png\",\"contentUrl\":\"https:\\\/\\\/colombiainteligente.org\\\/wp-content\\\/uploads\\\/2022\\\/07\\\/Image.png\",\"width\":588,\"height\":274,\"caption\":\"Colombia Inteligente\"},\"image\":{\"@id\":\"https:\\\/\\\/colombiainteligente.org\\\/#\\\/schema\\\/logo\\\/image\\\/\"},\"sameAs\":[\"https:\\\/\\\/x.com\\\/colombiaintelig\",\"https:\\\/\\\/www.linkedin.com\\\/company\\\/colombiainteligente\\\/\"]}]}<\/script>\n<!-- \/ Yoast SEO plugin. -->","yoast_head_json":{"title":"Experiencias Comunitarias: Lecciones aprendidas para fomentar proyectos de energ\u00eda con enfoque participativo \u2013 Comunitario - Colombia Inteligente","robots":{"index":"index","follow":"follow","max-snippet":"max-snippet:-1","max-image-preview":"max-image-preview:large","max-video-preview":"max-video-preview:-1"},"canonical":"https:\/\/colombiainteligente.org\/es_co\/product\/experiencias-comunitarias\/","og_locale":"es_ES","og_type":"article","og_title":"Experiencias Comunitarias: Lecciones aprendidas para fomentar proyectos de energ\u00eda con enfoque participativo \u2013 Comunitario - Colombia Inteligente","og_description":"Experiencias Comunitarias: Lecciones aprendidas para fomentar proyectos de energ\u00eda con enfoque participativo \u2013 Comunitario","og_url":"https:\/\/colombiainteligente.org\/es_co\/product\/experiencias-comunitarias\/","og_site_name":"Colombia Inteligente","article_modified_time":"2024-01-15T23:28:19+00:00","og_image":[{"width":1263,"height":716,"url":"https:\/\/colombiainteligente.org\/wp-content\/uploads\/2024\/01\/Expereincias-comunitarias.png","type":"image\/png"}],"twitter_card":"summary_large_image","twitter_site":"@colombiaintelig","twitter_misc":{"Tiempo estimado de lectura":"4 minutes"},"schema":{"@context":"https:\/\/schema.org","@graph":[{"@type":"WebPage","@id":"https:\/\/colombiainteligente.org\/producto\/experiencias-comunitarias\/","url":"https:\/\/colombiainteligente.org\/producto\/experiencias-comunitarias\/","name":"Experiencias Comunitarias: Lecciones aprendidas para fomentar proyectos de energ\u00eda con enfoque participativo \u2013 Comunitario - Colombia Inteligente","isPartOf":{"@id":"https:\/\/colombiainteligente.org\/#website"},"primaryImageOfPage":{"@id":"https:\/\/colombiainteligente.org\/producto\/experiencias-comunitarias\/#primaryimage"},"image":{"@id":"https:\/\/colombiainteligente.org\/producto\/experiencias-comunitarias\/#primaryimage"},"thumbnailUrl":"https:\/\/colombiainteligente.org\/wp-content\/uploads\/2024\/01\/Expereincias-comunitarias.png","datePublished":"2024-01-15T17:02:31+00:00","dateModified":"2024-01-15T23:28:19+00:00","breadcrumb":{"@id":"https:\/\/colombiainteligente.org\/producto\/experiencias-comunitarias\/#breadcrumb"},"inLanguage":"es-CO","potentialAction":[{"@type":"ReadAction","target":["https:\/\/colombiainteligente.org\/producto\/experiencias-comunitarias\/"]}]},{"@type":"ImageObject","inLanguage":"es-CO","@id":"https:\/\/colombiainteligente.org\/producto\/experiencias-comunitarias\/#primaryimage","url":"https:\/\/colombiainteligente.org\/wp-content\/uploads\/2024\/01\/Expereincias-comunitarias.png","contentUrl":"https:\/\/colombiainteligente.org\/wp-content\/uploads\/2024\/01\/Expereincias-comunitarias.png","width":1263,"height":716,"caption":"2401-04bat"},{"@type":"BreadcrumbList","@id":"https:\/\/colombiainteligente.org\/producto\/experiencias-comunitarias\/#breadcrumb","itemListElement":[{"@type":"ListItem","position":1,"name":"Portada","item":"https:\/\/colombiainteligente.org\/"},{"@type":"ListItem","position":2,"name":"Tienda","item":"https:\/\/colombiainteligente.org\/tienda\/"},{"@type":"ListItem","position":3,"name":"Experiencias Comunitarias: Lecciones aprendidas para fomentar proyectos de energ\u00eda con enfoque participativo \u2013 Comunitario"}]},{"@type":"WebSite","@id":"https:\/\/colombiainteligente.org\/#website","url":"https:\/\/colombiainteligente.org\/","name":"Colombia Inteligente","description":"Alianza estrat\u00e9gica, conformada por empresas y entidades, para la inserci\u00f3n integral y eficiente de las redes inteligentes a la infraestructura del sector el\u00e9ctrico colombiano","publisher":{"@id":"https:\/\/colombiainteligente.org\/#organization"},"potentialAction":[{"@type":"SearchAction","target":{"@type":"EntryPoint","urlTemplate":"https:\/\/colombiainteligente.org\/?s={search_term_string}"},"query-input":{"@type":"PropertyValueSpecification","valueRequired":true,"valueName":"search_term_string"}}],"inLanguage":"es-CO"},{"@type":"Organization","@id":"https:\/\/colombiainteligente.org\/#organization","name":"Colombia Inteligente","url":"https:\/\/colombiainteligente.org\/","logo":{"@type":"ImageObject","inLanguage":"es-CO","@id":"https:\/\/colombiainteligente.org\/#\/schema\/logo\/image\/","url":"https:\/\/colombiainteligente.org\/wp-content\/uploads\/2022\/07\/Image.png","contentUrl":"https:\/\/colombiainteligente.org\/wp-content\/uploads\/2022\/07\/Image.png","width":588,"height":274,"caption":"Colombia Inteligente"},"image":{"@id":"https:\/\/colombiainteligente.org\/#\/schema\/logo\/image\/"},"sameAs":["https:\/\/x.com\/colombiaintelig","https:\/\/www.linkedin.com\/company\/colombiainteligente\/"]}]}},"_links":{"self":[{"href":"https:\/\/colombiainteligente.org\/es_co\/wp-json\/wp\/v2\/product\/39209","targetHints":{"allow":["GET"]}}],"collection":[{"href":"https:\/\/colombiainteligente.org\/es_co\/wp-json\/wp\/v2\/product"}],"about":[{"href":"https:\/\/colombiainteligente.org\/es_co\/wp-json\/wp\/v2\/types\/product"}],"replies":[{"embeddable":true,"href":"https:\/\/colombiainteligente.org\/es_co\/wp-json\/wp\/v2\/comments?post=39209"}],"wp:featuredmedia":[{"embeddable":true,"href":"https:\/\/colombiainteligente.org\/es_co\/wp-json\/wp\/v2\/media\/39242"}],"wp:attachment":[{"href":"https:\/\/colombiainteligente.org\/es_co\/wp-json\/wp\/v2\/media?parent=39209"}],"wp:term":[{"taxonomy":"product_cat","embeddable":true,"href":"https:\/\/colombiainteligente.org\/es_co\/wp-json\/wp\/v2\/product_cat?post=39209"},{"taxonomy":"product_tag","embeddable":true,"href":"https:\/\/colombiainteligente.org\/es_co\/wp-json\/wp\/v2\/product_tag?post=39209"}],"curies":[{"name":"wp","href":"https:\/\/api.w.org\/{rel}","templated":true}]}}