{"id":39257,"date":"2024-01-17T16:51:06","date_gmt":"2024-01-17T21:51:06","guid":{"rendered":"https:\/\/colombiainteligente.org\/?post_type=product&#038;p=39257"},"modified":"2024-01-17T16:58:53","modified_gmt":"2024-01-17T21:58:53","slug":"respuesta-de-la-demanda-estrategia-para-la-mitigacion-de-gases-de-efecto-invernadero-programas-rd","status":"publish","type":"product","link":"https:\/\/colombiainteligente.org\/es_co\/product\/respuesta-de-la-demanda-estrategia-para-la-mitigacion-de-gases-de-efecto-invernadero-programas-rd\/","title":{"rendered":"Respuesta de la demanda estrategia para la mitigaci\u00f3n de Gases de Efecto Invernadero: programas RD"},"content":{"rendered":"<p>El documento presenta una metodolog\u00eda para el monitoreo de emisiones de gases de efecto invernadero (GEI) en el sistema el\u00e9ctrico colombiano a trav\u00e9s de la aplicaci\u00f3n de programas de respuesta de la demanda (RD). El documento profundiza en los diferentes mecanismos para incentivar la RD, y las caracter\u00edsticas o atributos que estos deben tener para su correcto funcionamiento. <\/p>\n<p>Tambi\u00e9n se discute la RD con almacenamiento, la inclusi\u00f3n de fuentes renovables de energ\u00eda y el desarrollo de las redes inteligentes. Se identifican los habilitadores para su aplicaci\u00f3n en Colombia y se describe el dise\u00f1o de los programas RD en el cual se proponen los mecanismos a aplicar. De igual manera se definen los criterios de operaci\u00f3n de los programas RD y el uso del almacenamiento de energ\u00eda acoplado con dichos programas bajo el contexto del uso de los recursos energ\u00e9ticos distribuidos DER por parte de un ciudadano, una comunidad o una ciudad energ\u00e9tica.<\/p>\n<p>El documento propone una metodolog\u00eda para el monitoreo de GEI producto de la aplicaci\u00f3n de programas RD en el sistema el\u00e9ctrico colombiano. Para determinar el potencial de reducci\u00f3n de estas emisiones, la metodolog\u00eda plantea tambi\u00e9n, el establecimiento de un valor referencial, que es denominado l\u00ednea base de emisiones.<br \/>\nFinalmente, se muestra la metodolog\u00eda propuesta para la l\u00ednea base de emisiones adaptada a las condiciones de los mecanismos RD en el pa\u00eds, donde se se\u00f1alan los supuestos a tener en cuenta y los datos necesarios para aplicar la metodolog\u00eda propuesta en funci\u00f3n de la RD despachable o no despachable.<\/p>\n<p>&nbsp;<\/p>\n<p>Diciembre de 2019<\/p>\n<div style=\"text-align:center\" class=\"yasr-auto-insert-visitor\"><\/div>","protected":false},"excerpt":{"rendered":"<p>Respuesta de la demanda estrategia para la mitigaci\u00f3n de Gases de Efecto Invernadero: programas RD<\/p>","protected":false},"featured_media":39259,"comment_status":"open","ping_status":"closed","template":"","meta":{"yasr_overall_rating":0,"yasr_post_is_review":"","yasr_auto_insert_disabled":"","yasr_review_type":""},"product_cat":[35,38],"product_tag":[24],"class_list":["post-39257","product","type-product","status-publish","has-post-thumbnail","hentry","product_cat-garantizar-confiabilidad-resiliencia-e-interoperabilidad-en-el-servicio","product_cat-habilitar-servicios-descentralizados-flexibles-y-multi-producto","product_tag-en-investigacion"],"yasr_visitor_votes":{"number_of_votes":0,"sum_votes":0,"stars_attributes":{"read_only":false,"span_bottom":false}},"yoast_head":"<!-- This site is optimized with the Yoast SEO plugin v27.3 - https:\/\/yoast.com\/product\/yoast-seo-wordpress\/ -->\n<title>Respuesta de la demanda estrategia para la mitigaci\u00f3n de Gases de Efecto Invernadero: programas RD - Colombia Inteligente<\/title>\n<meta name=\"robots\" content=\"index, follow, max-snippet:-1, max-image-preview:large, max-video-preview:-1\" \/>\n<link rel=\"canonical\" href=\"https:\/\/colombiainteligente.org\/es_co\/product\/respuesta-de-la-demanda-estrategia-para-la-mitigacion-de-gases-de-efecto-invernadero-programas-rd\/\" \/>\n<meta property=\"og:locale\" content=\"es_ES\" \/>\n<meta property=\"og:type\" content=\"article\" \/>\n<meta property=\"og:title\" content=\"Respuesta de la demanda estrategia para la mitigaci\u00f3n de Gases de Efecto Invernadero: programas RD - Colombia Inteligente\" \/>\n<meta property=\"og:description\" content=\"Respuesta de la demanda estrategia para la mitigaci\u00f3n de Gases de Efecto Invernadero: programas RD\" \/>\n<meta property=\"og:url\" content=\"https:\/\/colombiainteligente.org\/es_co\/product\/respuesta-de-la-demanda-estrategia-para-la-mitigacion-de-gases-de-efecto-invernadero-programas-rd\/\" \/>\n<meta property=\"og:site_name\" content=\"Colombia Inteligente\" \/>\n<meta property=\"article:modified_time\" content=\"2024-01-17T21:58:53+00:00\" \/>\n<meta property=\"og:image\" content=\"https:\/\/colombiainteligente.org\/wp-content\/uploads\/2024\/01\/RD2019.png\" \/>\n\t<meta property=\"og:image:width\" content=\"646\" \/>\n\t<meta property=\"og:image:height\" content=\"831\" \/>\n\t<meta property=\"og:image:type\" content=\"image\/png\" \/>\n<meta name=\"twitter:card\" content=\"summary_large_image\" \/>\n<meta name=\"twitter:site\" content=\"@colombiaintelig\" \/>\n<meta name=\"twitter:label1\" content=\"Tiempo estimado de lectura\" \/>\n\t<meta name=\"twitter:data1\" content=\"2 minutes\" \/>\n<script type=\"application\/ld+json\" class=\"yoast-schema-graph\">{\"@context\":\"https:\\\/\\\/schema.org\",\"@graph\":[{\"@type\":\"WebPage\",\"@id\":\"https:\\\/\\\/colombiainteligente.org\\\/producto\\\/respuesta-de-la-demanda-estrategia-para-la-mitigacion-de-gases-de-efecto-invernadero-programas-rd\\\/\",\"url\":\"https:\\\/\\\/colombiainteligente.org\\\/producto\\\/respuesta-de-la-demanda-estrategia-para-la-mitigacion-de-gases-de-efecto-invernadero-programas-rd\\\/\",\"name\":\"Respuesta de la demanda estrategia para la mitigaci\u00f3n de Gases de Efecto Invernadero: programas RD - Colombia Inteligente\",\"isPartOf\":{\"@id\":\"https:\\\/\\\/colombiainteligente.org\\\/#website\"},\"primaryImageOfPage\":{\"@id\":\"https:\\\/\\\/colombiainteligente.org\\\/producto\\\/respuesta-de-la-demanda-estrategia-para-la-mitigacion-de-gases-de-efecto-invernadero-programas-rd\\\/#primaryimage\"},\"image\":{\"@id\":\"https:\\\/\\\/colombiainteligente.org\\\/producto\\\/respuesta-de-la-demanda-estrategia-para-la-mitigacion-de-gases-de-efecto-invernadero-programas-rd\\\/#primaryimage\"},\"thumbnailUrl\":\"https:\\\/\\\/colombiainteligente.org\\\/wp-content\\\/uploads\\\/2024\\\/01\\\/RD2019.png\",\"datePublished\":\"2024-01-17T21:51:06+00:00\",\"dateModified\":\"2024-01-17T21:58:53+00:00\",\"breadcrumb\":{\"@id\":\"https:\\\/\\\/colombiainteligente.org\\\/producto\\\/respuesta-de-la-demanda-estrategia-para-la-mitigacion-de-gases-de-efecto-invernadero-programas-rd\\\/#breadcrumb\"},\"inLanguage\":\"es-CO\",\"potentialAction\":[{\"@type\":\"ReadAction\",\"target\":[\"https:\\\/\\\/colombiainteligente.org\\\/producto\\\/respuesta-de-la-demanda-estrategia-para-la-mitigacion-de-gases-de-efecto-invernadero-programas-rd\\\/\"]}]},{\"@type\":\"ImageObject\",\"inLanguage\":\"es-CO\",\"@id\":\"https:\\\/\\\/colombiainteligente.org\\\/producto\\\/respuesta-de-la-demanda-estrategia-para-la-mitigacion-de-gases-de-efecto-invernadero-programas-rd\\\/#primaryimage\",\"url\":\"https:\\\/\\\/colombiainteligente.org\\\/wp-content\\\/uploads\\\/2024\\\/01\\\/RD2019.png\",\"contentUrl\":\"https:\\\/\\\/colombiainteligente.org\\\/wp-content\\\/uploads\\\/2024\\\/01\\\/RD2019.png\",\"width\":646,\"height\":831},{\"@type\":\"BreadcrumbList\",\"@id\":\"https:\\\/\\\/colombiainteligente.org\\\/producto\\\/respuesta-de-la-demanda-estrategia-para-la-mitigacion-de-gases-de-efecto-invernadero-programas-rd\\\/#breadcrumb\",\"itemListElement\":[{\"@type\":\"ListItem\",\"position\":1,\"name\":\"Portada\",\"item\":\"https:\\\/\\\/colombiainteligente.org\\\/\"},{\"@type\":\"ListItem\",\"position\":2,\"name\":\"Tienda\",\"item\":\"https:\\\/\\\/colombiainteligente.org\\\/tienda\\\/\"},{\"@type\":\"ListItem\",\"position\":3,\"name\":\"Respuesta de la demanda estrategia para la mitigaci\u00f3n de Gases de Efecto Invernadero: programas RD\"}]},{\"@type\":\"WebSite\",\"@id\":\"https:\\\/\\\/colombiainteligente.org\\\/#website\",\"url\":\"https:\\\/\\\/colombiainteligente.org\\\/\",\"name\":\"Colombia Inteligente\",\"description\":\"Alianza estrat\u00e9gica, conformada por empresas y entidades, para la inserci\u00f3n integral y eficiente de las redes inteligentes a la infraestructura del sector el\u00e9ctrico colombiano\",\"publisher\":{\"@id\":\"https:\\\/\\\/colombiainteligente.org\\\/#organization\"},\"potentialAction\":[{\"@type\":\"SearchAction\",\"target\":{\"@type\":\"EntryPoint\",\"urlTemplate\":\"https:\\\/\\\/colombiainteligente.org\\\/?s={search_term_string}\"},\"query-input\":{\"@type\":\"PropertyValueSpecification\",\"valueRequired\":true,\"valueName\":\"search_term_string\"}}],\"inLanguage\":\"es-CO\"},{\"@type\":\"Organization\",\"@id\":\"https:\\\/\\\/colombiainteligente.org\\\/#organization\",\"name\":\"Colombia Inteligente\",\"url\":\"https:\\\/\\\/colombiainteligente.org\\\/\",\"logo\":{\"@type\":\"ImageObject\",\"inLanguage\":\"es-CO\",\"@id\":\"https:\\\/\\\/colombiainteligente.org\\\/#\\\/schema\\\/logo\\\/image\\\/\",\"url\":\"https:\\\/\\\/colombiainteligente.org\\\/wp-content\\\/uploads\\\/2022\\\/07\\\/Image.png\",\"contentUrl\":\"https:\\\/\\\/colombiainteligente.org\\\/wp-content\\\/uploads\\\/2022\\\/07\\\/Image.png\",\"width\":588,\"height\":274,\"caption\":\"Colombia Inteligente\"},\"image\":{\"@id\":\"https:\\\/\\\/colombiainteligente.org\\\/#\\\/schema\\\/logo\\\/image\\\/\"},\"sameAs\":[\"https:\\\/\\\/x.com\\\/colombiaintelig\",\"https:\\\/\\\/www.linkedin.com\\\/company\\\/colombiainteligente\\\/\"]}]}<\/script>\n<!-- \/ Yoast SEO plugin. -->","yoast_head_json":{"title":"Respuesta de la demanda estrategia para la mitigaci\u00f3n de Gases de Efecto Invernadero: programas RD - Colombia Inteligente","robots":{"index":"index","follow":"follow","max-snippet":"max-snippet:-1","max-image-preview":"max-image-preview:large","max-video-preview":"max-video-preview:-1"},"canonical":"https:\/\/colombiainteligente.org\/es_co\/product\/respuesta-de-la-demanda-estrategia-para-la-mitigacion-de-gases-de-efecto-invernadero-programas-rd\/","og_locale":"es_ES","og_type":"article","og_title":"Respuesta de la demanda estrategia para la mitigaci\u00f3n de Gases de Efecto Invernadero: programas RD - Colombia Inteligente","og_description":"Respuesta de la demanda estrategia para la mitigaci\u00f3n de Gases de Efecto Invernadero: programas RD","og_url":"https:\/\/colombiainteligente.org\/es_co\/product\/respuesta-de-la-demanda-estrategia-para-la-mitigacion-de-gases-de-efecto-invernadero-programas-rd\/","og_site_name":"Colombia Inteligente","article_modified_time":"2024-01-17T21:58:53+00:00","og_image":[{"width":646,"height":831,"url":"https:\/\/colombiainteligente.org\/wp-content\/uploads\/2024\/01\/RD2019.png","type":"image\/png"}],"twitter_card":"summary_large_image","twitter_site":"@colombiaintelig","twitter_misc":{"Tiempo estimado de lectura":"2 minutes"},"schema":{"@context":"https:\/\/schema.org","@graph":[{"@type":"WebPage","@id":"https:\/\/colombiainteligente.org\/producto\/respuesta-de-la-demanda-estrategia-para-la-mitigacion-de-gases-de-efecto-invernadero-programas-rd\/","url":"https:\/\/colombiainteligente.org\/producto\/respuesta-de-la-demanda-estrategia-para-la-mitigacion-de-gases-de-efecto-invernadero-programas-rd\/","name":"Respuesta de la demanda estrategia para la mitigaci\u00f3n de Gases de Efecto Invernadero: programas RD - Colombia Inteligente","isPartOf":{"@id":"https:\/\/colombiainteligente.org\/#website"},"primaryImageOfPage":{"@id":"https:\/\/colombiainteligente.org\/producto\/respuesta-de-la-demanda-estrategia-para-la-mitigacion-de-gases-de-efecto-invernadero-programas-rd\/#primaryimage"},"image":{"@id":"https:\/\/colombiainteligente.org\/producto\/respuesta-de-la-demanda-estrategia-para-la-mitigacion-de-gases-de-efecto-invernadero-programas-rd\/#primaryimage"},"thumbnailUrl":"https:\/\/colombiainteligente.org\/wp-content\/uploads\/2024\/01\/RD2019.png","datePublished":"2024-01-17T21:51:06+00:00","dateModified":"2024-01-17T21:58:53+00:00","breadcrumb":{"@id":"https:\/\/colombiainteligente.org\/producto\/respuesta-de-la-demanda-estrategia-para-la-mitigacion-de-gases-de-efecto-invernadero-programas-rd\/#breadcrumb"},"inLanguage":"es-CO","potentialAction":[{"@type":"ReadAction","target":["https:\/\/colombiainteligente.org\/producto\/respuesta-de-la-demanda-estrategia-para-la-mitigacion-de-gases-de-efecto-invernadero-programas-rd\/"]}]},{"@type":"ImageObject","inLanguage":"es-CO","@id":"https:\/\/colombiainteligente.org\/producto\/respuesta-de-la-demanda-estrategia-para-la-mitigacion-de-gases-de-efecto-invernadero-programas-rd\/#primaryimage","url":"https:\/\/colombiainteligente.org\/wp-content\/uploads\/2024\/01\/RD2019.png","contentUrl":"https:\/\/colombiainteligente.org\/wp-content\/uploads\/2024\/01\/RD2019.png","width":646,"height":831},{"@type":"BreadcrumbList","@id":"https:\/\/colombiainteligente.org\/producto\/respuesta-de-la-demanda-estrategia-para-la-mitigacion-de-gases-de-efecto-invernadero-programas-rd\/#breadcrumb","itemListElement":[{"@type":"ListItem","position":1,"name":"Portada","item":"https:\/\/colombiainteligente.org\/"},{"@type":"ListItem","position":2,"name":"Tienda","item":"https:\/\/colombiainteligente.org\/tienda\/"},{"@type":"ListItem","position":3,"name":"Respuesta de la demanda estrategia para la mitigaci\u00f3n de Gases de Efecto Invernadero: programas RD"}]},{"@type":"WebSite","@id":"https:\/\/colombiainteligente.org\/#website","url":"https:\/\/colombiainteligente.org\/","name":"Colombia Inteligente","description":"Alianza estrat\u00e9gica, conformada por empresas y entidades, para la inserci\u00f3n integral y eficiente de las redes inteligentes a la infraestructura del sector el\u00e9ctrico colombiano","publisher":{"@id":"https:\/\/colombiainteligente.org\/#organization"},"potentialAction":[{"@type":"SearchAction","target":{"@type":"EntryPoint","urlTemplate":"https:\/\/colombiainteligente.org\/?s={search_term_string}"},"query-input":{"@type":"PropertyValueSpecification","valueRequired":true,"valueName":"search_term_string"}}],"inLanguage":"es-CO"},{"@type":"Organization","@id":"https:\/\/colombiainteligente.org\/#organization","name":"Colombia Inteligente","url":"https:\/\/colombiainteligente.org\/","logo":{"@type":"ImageObject","inLanguage":"es-CO","@id":"https:\/\/colombiainteligente.org\/#\/schema\/logo\/image\/","url":"https:\/\/colombiainteligente.org\/wp-content\/uploads\/2022\/07\/Image.png","contentUrl":"https:\/\/colombiainteligente.org\/wp-content\/uploads\/2022\/07\/Image.png","width":588,"height":274,"caption":"Colombia Inteligente"},"image":{"@id":"https:\/\/colombiainteligente.org\/#\/schema\/logo\/image\/"},"sameAs":["https:\/\/x.com\/colombiaintelig","https:\/\/www.linkedin.com\/company\/colombiainteligente\/"]}]}},"_links":{"self":[{"href":"https:\/\/colombiainteligente.org\/es_co\/wp-json\/wp\/v2\/product\/39257","targetHints":{"allow":["GET"]}}],"collection":[{"href":"https:\/\/colombiainteligente.org\/es_co\/wp-json\/wp\/v2\/product"}],"about":[{"href":"https:\/\/colombiainteligente.org\/es_co\/wp-json\/wp\/v2\/types\/product"}],"replies":[{"embeddable":true,"href":"https:\/\/colombiainteligente.org\/es_co\/wp-json\/wp\/v2\/comments?post=39257"}],"wp:featuredmedia":[{"embeddable":true,"href":"https:\/\/colombiainteligente.org\/es_co\/wp-json\/wp\/v2\/media\/39259"}],"wp:attachment":[{"href":"https:\/\/colombiainteligente.org\/es_co\/wp-json\/wp\/v2\/media?parent=39257"}],"wp:term":[{"taxonomy":"product_cat","embeddable":true,"href":"https:\/\/colombiainteligente.org\/es_co\/wp-json\/wp\/v2\/product_cat?post=39257"},{"taxonomy":"product_tag","embeddable":true,"href":"https:\/\/colombiainteligente.org\/es_co\/wp-json\/wp\/v2\/product_tag?post=39257"}],"curies":[{"name":"wp","href":"https:\/\/api.w.org\/{rel}","templated":true}]}}