{"id":66498,"date":"2026-02-09T14:22:33","date_gmt":"2026-02-09T19:22:33","guid":{"rendered":"https:\/\/colombiainteligente.org\/?post_type=product&#038;p=66498"},"modified":"2026-03-15T16:38:49","modified_gmt":"2026-03-15T21:38:49","slug":"informe-de-gestion-2025","status":"publish","type":"product","link":"https:\/\/colombiainteligente.org\/es_co\/product\/informe-de-gestion-2025\/","title":{"rendered":"Informe de Gesti\u00f3n  2025"},"content":{"rendered":"<div class=\"x_elementToProof\">\n<p class=\"x_MsoNormal\"><b><span class=\"x_ContentPasted1\">MENSAJE DEL PRESIDENTE COLOMBIA INTELIGENTE<br \/>\n<\/span><\/b><\/p>\n<\/div>\n<div class=\"x_elementToProof\">\n<p>Un caluroso saludo para todos:<br \/>\nEs muy gratificante para m\u00ed y para todo el equipo de trabajo, presentar a ustedes este informe de gesti\u00f3n del a\u00f1o 2025 de nuestra Alianza Colombia Inteligente. Un a\u00f1o de arduo trabajo colaborativo soportado en el aporte de las diferentes organizaciones mediante su talento humano para lograr cada uno de los diferentes objetivos estrat\u00e9gicos bajo las l\u00edneas de trabajo establecidas con el prop\u00f3sito de ser un arquitecto estrat\u00e9gico que nos consolida como la alianza referente de conocimiento y colaboraci\u00f3n del sistema el\u00e9ctrico colombiano, generando capacidades que sean insumo a la toma de decisiones de los grupos claves de inter\u00e9s para la modernizaci\u00f3n del sistema el\u00e9ctrico, la productividad, la competitividad y el desarrollo sostenible del sector el\u00e9ctrico y del pa\u00eds.<\/p>\n<p>Este informe aporta a la visi\u00f3n 2030 de evoluci\u00f3n del sector el\u00e9ctrico para afrontar los principales retos de transformaci\u00f3n del usuario y del sistema el\u00e9ctrico, lo que motiva la inclusi\u00f3n de las siguientes tem\u00e1ticas prioritarias 2026 para avanzar hacia un sistema energ\u00e9tico limpio e inteligente:<\/p>\n<p>1. El empoderamiento del usuario v\u00eda la medici\u00f3n avanzada para aumentar la participaci\u00f3n de la demanda y los DER.<br \/>\n2. La modernizaci\u00f3n de la infraestructura para lograr un sistema flexible, resiliente, interoperable y ciberseguro.<br \/>\n3. La implementaci\u00f3n de areneros regulatorios para la evaluaci\u00f3n de tecnolog\u00edas y servicios.<br \/>\n4. La accesibilidad y asequibilidad a las redes de telecomunicaciones necesarias para soportar el servicio.<br \/>\n5. La articulaci\u00f3n con los diferentes espacios sectoriales para aunar esfuerzos y eficiencias sectoriales.<br \/>\nA su vez, describimos nuestros principios y objetivos propuestos, as\u00ed como la descripci\u00f3n del equipo de trabajo, miembros del Comit\u00e9 Directivo e integrantes de los diferentes Grupos de Trabajo Colaborativo -GTC- y de Seguimiento a la Estrategia -GSE-, a quienes nuevamente extiendo mis m\u00e1s sinceros agradecimientos por su apoyo, disposici\u00f3n y compromiso para alcanzar los excelentes resultados que obtuvimos, los cuales se muestran en el mapa de productos de la organizaci\u00f3n y el consolidado de los resultados de gesti\u00f3n 2025.<br \/>\nSe presentan tambi\u00e9n las diferentes actividades emprendidas y desarrolladas durante el a\u00f1o, as\u00ed como los indicadores implementados para el seguimiento de su ejecuci\u00f3n. Resaltando que la gesti\u00f3n de Colombia Inteligente est\u00e1 orientada a cuatro objetivos estrat\u00e9gicos:<\/p>\n<p>\u2022 Generaci\u00f3n de conocimiento \u2794 nos enfocamos en identificar las necesidades de los miembros, soportados en los GTC para identificar las acciones necesarias para la transformaci\u00f3n del sistema el\u00e9ctrico, en tem\u00e1ticas, tales como, la apropiaci\u00f3n del medidor avanzado, tarifas flexibles y portabilidad, interoperabilidad de los datos, vida \u00fatil en activos digitales, los recursos virtuales, las tecnolog\u00edas de mejora de la red, los areneros regulatorios y la ciberseguridad.<br \/>\n\u2022 Evaluar habilitadores tecnol\u00f3gicos \u2794 realizamos actividades colaborativas como estrategia de trabajo conjunto con actores del sector para impulsar proactivamente acciones que habiliten y aceleren la transformaci\u00f3n del sector el\u00e9ctrico, tales como el perfil de interoperabilidad de datos CE\/DER, acciones para formar capacidad en las comunidades (Laboratorio CE), evaluaci\u00f3n de la tecnolog\u00eda DLR, ciberseguridad y el dise\u00f1o de servicios de flexibilidad.<br \/>\n\u2022 Aporte sectorial \u2794 apalancados en actividades presenciales y virtuales, nos enfocamos en garantizar el cumplimiento de nuestras metas sectoriales para la difusi\u00f3n de la organizaci\u00f3n y relacionamiento con agentes de inter\u00e9s nacionales e internacionales para influir proactivamente en las actividades de las entidades, acciones de pol\u00edtica y regulaci\u00f3n en un entorno tecnol\u00f3gico, y en las empresas para apoyar su transformaci\u00f3n tecnol\u00f3gica.<br \/>\n\u2022 Sostenibilidad organizacional \u2794 nos enfocamos en la definici\u00f3n del plan de acci\u00f3n, el seguimiento y control a la ejecuci\u00f3n del presupuesto. A su vez, en la apropiaci\u00f3n de aprendizajes para el mejoramiento continuo de la Alianza.<\/p>\n<p>No puedo dejar de destacar el cumplimiento de las metas propuestas, que se traducen en los productos elaborados y puestos a disposici\u00f3n de nuestros miembros y grupos de inter\u00e9s.<br \/>\nAgradecemos el valioso y permanente aporte de nuestros miembros institucionales, empresariales, acad\u00e9micos y gremiales, as\u00ed como de las entidades de gobierno y la banca multilateral, con quienes trabajamos de manera articulada.<\/p>\n<p>Es nuestro inter\u00e9s continuar avanzando en el desarrollo de los actividades del plan de trabajo 2026 e iniciativas que pudieran resultar con el fin de aunar esfuerzos para lograr una mayor apropiaci\u00f3n de las acciones propuestas para que se materialice en la toma de decisiones, con el enfoque claro de estrategia colaborativa que requiere del aporte de todos para avanzar en la transformaci\u00f3n de la demanda, la modernizaci\u00f3n y digitalizaci\u00f3n de la infraestructura soportada en la implementaci\u00f3n de la medici\u00f3n avanzada como habilitador que transforma a los consumidores, el uso de tecnolog\u00edas flexibles y servicios de los recursos energ\u00e9ticos distribuidos para optimizar la prestaci\u00f3n del servicio de la energ\u00eda el\u00e9ctrica soportada en un sistema energ\u00e9tico limpio e inteligente.<\/p>\n<p>Es un gusto disponer a ustedes nuestro informe, esperamos encuentren en \u00e9l la informaci\u00f3n suficiente para conocer y disfrutar la gesti\u00f3n realizada y los resultados obtenidos. Ratificamos nuestro compromiso para continuar aportando y trabajando colaborativamente siempre por una Colombia Inteligente y comprometida con la sociedad para la inserci\u00f3n integral y eficiente de los sistemas inteligentes al sector el\u00e9ctrico colombiano.<br \/>\nGracias por su inter\u00e9s y apoyo.<\/p>\n<p>Gracias por su inter\u00e9s y apoyo.<\/p>\n<p class=\"x_MsoNormal\"><b><span class=\"x_ContentPasted3\">JAIME ALEJANDRO ZAPATA URIBE\u00a0<\/span><\/b><\/p>\n<p class=\"x_MsoNormal\"><span class=\"x_ContentPasted3\">Presidente<\/span><b>\u00a0<\/b><\/p>\n<\/div>\n<p>&nbsp;<\/p>\n<p>Febrero 2026<\/p>\n<div style=\"text-align:center\" class=\"yasr-auto-insert-visitor\"><\/div>","protected":false},"excerpt":{"rendered":"<p>Informe de Gesti\u00f3n 2025: Alianza para la Transformaci\u00f3n del Sector El\u00e9ctrico Colombiano<\/p>","protected":false},"featured_media":66500,"comment_status":"open","ping_status":"closed","template":"","meta":{"yasr_overall_rating":0,"yasr_post_is_review":"","yasr_auto_insert_disabled":"","yasr_review_type":""},"product_cat":[74],"product_tag":[73],"class_list":["post-66498","product","type-product","status-publish","has-post-thumbnail","hentry","product_cat-informes-de-gestion","product_tag-informes-de-gestion"],"yasr_visitor_votes":{"number_of_votes":0,"sum_votes":0,"stars_attributes":{"read_only":false,"span_bottom":false}},"yoast_head":"<!-- This site is optimized with the Yoast SEO plugin v27.3 - https:\/\/yoast.com\/product\/yoast-seo-wordpress\/ -->\n<title>Informe de Gesti\u00f3n 2025 - Colombia Inteligente<\/title>\n<meta name=\"robots\" content=\"index, follow, max-snippet:-1, max-image-preview:large, max-video-preview:-1\" \/>\n<link rel=\"canonical\" href=\"https:\/\/colombiainteligente.org\/es_co\/product\/informe-de-gestion-2025\/\" \/>\n<meta property=\"og:locale\" content=\"es_ES\" \/>\n<meta property=\"og:type\" content=\"article\" \/>\n<meta property=\"og:title\" content=\"Informe de Gesti\u00f3n 2025 - Colombia Inteligente\" \/>\n<meta property=\"og:description\" content=\"Informe de Gesti\u00f3n 2025: Alianza para la Transformaci\u00f3n del Sector El\u00e9ctrico Colombiano\" \/>\n<meta property=\"og:url\" content=\"https:\/\/colombiainteligente.org\/es_co\/product\/informe-de-gestion-2025\/\" \/>\n<meta property=\"og:site_name\" content=\"Colombia Inteligente\" \/>\n<meta property=\"article:modified_time\" content=\"2026-03-15T21:38:49+00:00\" \/>\n<meta property=\"og:image\" content=\"https:\/\/colombiainteligente.org\/wp-content\/uploads\/2026\/02\/Captura-de-pantalla-2026-02-09-143338.png\" \/>\n\t<meta property=\"og:image:width\" content=\"577\" \/>\n\t<meta property=\"og:image:height\" content=\"743\" \/>\n\t<meta property=\"og:image:type\" content=\"image\/png\" \/>\n<meta name=\"twitter:card\" content=\"summary_large_image\" \/>\n<meta name=\"twitter:site\" content=\"@colombiaintelig\" \/>\n<meta name=\"twitter:label1\" content=\"Tiempo estimado de lectura\" \/>\n\t<meta name=\"twitter:data1\" content=\"5 minutes\" \/>\n<script type=\"application\/ld+json\" class=\"yoast-schema-graph\">{\"@context\":\"https:\\\/\\\/schema.org\",\"@graph\":[{\"@type\":\"WebPage\",\"@id\":\"https:\\\/\\\/colombiainteligente.org\\\/producto\\\/informe-de-gestion-2025\\\/\",\"url\":\"https:\\\/\\\/colombiainteligente.org\\\/producto\\\/informe-de-gestion-2025\\\/\",\"name\":\"Informe de Gesti\u00f3n 2025 - Colombia Inteligente\",\"isPartOf\":{\"@id\":\"https:\\\/\\\/colombiainteligente.org\\\/#website\"},\"primaryImageOfPage\":{\"@id\":\"https:\\\/\\\/colombiainteligente.org\\\/producto\\\/informe-de-gestion-2025\\\/#primaryimage\"},\"image\":{\"@id\":\"https:\\\/\\\/colombiainteligente.org\\\/producto\\\/informe-de-gestion-2025\\\/#primaryimage\"},\"thumbnailUrl\":\"https:\\\/\\\/colombiainteligente.org\\\/wp-content\\\/uploads\\\/2026\\\/02\\\/Captura-de-pantalla-2026-02-09-143338.png\",\"datePublished\":\"2026-02-09T19:22:33+00:00\",\"dateModified\":\"2026-03-15T21:38:49+00:00\",\"breadcrumb\":{\"@id\":\"https:\\\/\\\/colombiainteligente.org\\\/producto\\\/informe-de-gestion-2025\\\/#breadcrumb\"},\"inLanguage\":\"es-CO\",\"potentialAction\":[{\"@type\":\"ReadAction\",\"target\":[\"https:\\\/\\\/colombiainteligente.org\\\/producto\\\/informe-de-gestion-2025\\\/\"]}]},{\"@type\":\"ImageObject\",\"inLanguage\":\"es-CO\",\"@id\":\"https:\\\/\\\/colombiainteligente.org\\\/producto\\\/informe-de-gestion-2025\\\/#primaryimage\",\"url\":\"https:\\\/\\\/colombiainteligente.org\\\/wp-content\\\/uploads\\\/2026\\\/02\\\/Captura-de-pantalla-2026-02-09-143338.png\",\"contentUrl\":\"https:\\\/\\\/colombiainteligente.org\\\/wp-content\\\/uploads\\\/2026\\\/02\\\/Captura-de-pantalla-2026-02-09-143338.png\",\"width\":577,\"height\":743},{\"@type\":\"BreadcrumbList\",\"@id\":\"https:\\\/\\\/colombiainteligente.org\\\/producto\\\/informe-de-gestion-2025\\\/#breadcrumb\",\"itemListElement\":[{\"@type\":\"ListItem\",\"position\":1,\"name\":\"Portada\",\"item\":\"https:\\\/\\\/colombiainteligente.org\\\/\"},{\"@type\":\"ListItem\",\"position\":2,\"name\":\"Tienda\",\"item\":\"https:\\\/\\\/colombiainteligente.org\\\/tienda\\\/\"},{\"@type\":\"ListItem\",\"position\":3,\"name\":\"Informe de Gesti\u00f3n 2025\"}]},{\"@type\":\"WebSite\",\"@id\":\"https:\\\/\\\/colombiainteligente.org\\\/#website\",\"url\":\"https:\\\/\\\/colombiainteligente.org\\\/\",\"name\":\"Colombia Inteligente\",\"description\":\"Alianza estrat\u00e9gica, conformada por empresas y entidades, para la inserci\u00f3n integral y eficiente de las redes inteligentes a la infraestructura del sector el\u00e9ctrico colombiano\",\"publisher\":{\"@id\":\"https:\\\/\\\/colombiainteligente.org\\\/#organization\"},\"potentialAction\":[{\"@type\":\"SearchAction\",\"target\":{\"@type\":\"EntryPoint\",\"urlTemplate\":\"https:\\\/\\\/colombiainteligente.org\\\/?s={search_term_string}\"},\"query-input\":{\"@type\":\"PropertyValueSpecification\",\"valueRequired\":true,\"valueName\":\"search_term_string\"}}],\"inLanguage\":\"es-CO\"},{\"@type\":\"Organization\",\"@id\":\"https:\\\/\\\/colombiainteligente.org\\\/#organization\",\"name\":\"Colombia Inteligente\",\"url\":\"https:\\\/\\\/colombiainteligente.org\\\/\",\"logo\":{\"@type\":\"ImageObject\",\"inLanguage\":\"es-CO\",\"@id\":\"https:\\\/\\\/colombiainteligente.org\\\/#\\\/schema\\\/logo\\\/image\\\/\",\"url\":\"https:\\\/\\\/colombiainteligente.org\\\/wp-content\\\/uploads\\\/2022\\\/07\\\/Image.png\",\"contentUrl\":\"https:\\\/\\\/colombiainteligente.org\\\/wp-content\\\/uploads\\\/2022\\\/07\\\/Image.png\",\"width\":588,\"height\":274,\"caption\":\"Colombia Inteligente\"},\"image\":{\"@id\":\"https:\\\/\\\/colombiainteligente.org\\\/#\\\/schema\\\/logo\\\/image\\\/\"},\"sameAs\":[\"https:\\\/\\\/x.com\\\/colombiaintelig\",\"https:\\\/\\\/www.linkedin.com\\\/company\\\/colombiainteligente\\\/\"]}]}<\/script>\n<!-- \/ Yoast SEO plugin. -->","yoast_head_json":{"title":"Informe de Gesti\u00f3n 2025 - Colombia Inteligente","robots":{"index":"index","follow":"follow","max-snippet":"max-snippet:-1","max-image-preview":"max-image-preview:large","max-video-preview":"max-video-preview:-1"},"canonical":"https:\/\/colombiainteligente.org\/es_co\/product\/informe-de-gestion-2025\/","og_locale":"es_ES","og_type":"article","og_title":"Informe de Gesti\u00f3n 2025 - Colombia Inteligente","og_description":"Informe de Gesti\u00f3n 2025: Alianza para la Transformaci\u00f3n del Sector El\u00e9ctrico Colombiano","og_url":"https:\/\/colombiainteligente.org\/es_co\/product\/informe-de-gestion-2025\/","og_site_name":"Colombia Inteligente","article_modified_time":"2026-03-15T21:38:49+00:00","og_image":[{"width":577,"height":743,"url":"https:\/\/colombiainteligente.org\/wp-content\/uploads\/2026\/02\/Captura-de-pantalla-2026-02-09-143338.png","type":"image\/png"}],"twitter_card":"summary_large_image","twitter_site":"@colombiaintelig","twitter_misc":{"Tiempo estimado de lectura":"5 minutes"},"schema":{"@context":"https:\/\/schema.org","@graph":[{"@type":"WebPage","@id":"https:\/\/colombiainteligente.org\/producto\/informe-de-gestion-2025\/","url":"https:\/\/colombiainteligente.org\/producto\/informe-de-gestion-2025\/","name":"Informe de Gesti\u00f3n 2025 - Colombia Inteligente","isPartOf":{"@id":"https:\/\/colombiainteligente.org\/#website"},"primaryImageOfPage":{"@id":"https:\/\/colombiainteligente.org\/producto\/informe-de-gestion-2025\/#primaryimage"},"image":{"@id":"https:\/\/colombiainteligente.org\/producto\/informe-de-gestion-2025\/#primaryimage"},"thumbnailUrl":"https:\/\/colombiainteligente.org\/wp-content\/uploads\/2026\/02\/Captura-de-pantalla-2026-02-09-143338.png","datePublished":"2026-02-09T19:22:33+00:00","dateModified":"2026-03-15T21:38:49+00:00","breadcrumb":{"@id":"https:\/\/colombiainteligente.org\/producto\/informe-de-gestion-2025\/#breadcrumb"},"inLanguage":"es-CO","potentialAction":[{"@type":"ReadAction","target":["https:\/\/colombiainteligente.org\/producto\/informe-de-gestion-2025\/"]}]},{"@type":"ImageObject","inLanguage":"es-CO","@id":"https:\/\/colombiainteligente.org\/producto\/informe-de-gestion-2025\/#primaryimage","url":"https:\/\/colombiainteligente.org\/wp-content\/uploads\/2026\/02\/Captura-de-pantalla-2026-02-09-143338.png","contentUrl":"https:\/\/colombiainteligente.org\/wp-content\/uploads\/2026\/02\/Captura-de-pantalla-2026-02-09-143338.png","width":577,"height":743},{"@type":"BreadcrumbList","@id":"https:\/\/colombiainteligente.org\/producto\/informe-de-gestion-2025\/#breadcrumb","itemListElement":[{"@type":"ListItem","position":1,"name":"Portada","item":"https:\/\/colombiainteligente.org\/"},{"@type":"ListItem","position":2,"name":"Tienda","item":"https:\/\/colombiainteligente.org\/tienda\/"},{"@type":"ListItem","position":3,"name":"Informe de Gesti\u00f3n 2025"}]},{"@type":"WebSite","@id":"https:\/\/colombiainteligente.org\/#website","url":"https:\/\/colombiainteligente.org\/","name":"Colombia Inteligente","description":"Alianza estrat\u00e9gica, conformada por empresas y entidades, para la inserci\u00f3n integral y eficiente de las redes inteligentes a la infraestructura del sector el\u00e9ctrico colombiano","publisher":{"@id":"https:\/\/colombiainteligente.org\/#organization"},"potentialAction":[{"@type":"SearchAction","target":{"@type":"EntryPoint","urlTemplate":"https:\/\/colombiainteligente.org\/?s={search_term_string}"},"query-input":{"@type":"PropertyValueSpecification","valueRequired":true,"valueName":"search_term_string"}}],"inLanguage":"es-CO"},{"@type":"Organization","@id":"https:\/\/colombiainteligente.org\/#organization","name":"Colombia Inteligente","url":"https:\/\/colombiainteligente.org\/","logo":{"@type":"ImageObject","inLanguage":"es-CO","@id":"https:\/\/colombiainteligente.org\/#\/schema\/logo\/image\/","url":"https:\/\/colombiainteligente.org\/wp-content\/uploads\/2022\/07\/Image.png","contentUrl":"https:\/\/colombiainteligente.org\/wp-content\/uploads\/2022\/07\/Image.png","width":588,"height":274,"caption":"Colombia Inteligente"},"image":{"@id":"https:\/\/colombiainteligente.org\/#\/schema\/logo\/image\/"},"sameAs":["https:\/\/x.com\/colombiaintelig","https:\/\/www.linkedin.com\/company\/colombiainteligente\/"]}]}},"_links":{"self":[{"href":"https:\/\/colombiainteligente.org\/es_co\/wp-json\/wp\/v2\/product\/66498","targetHints":{"allow":["GET"]}}],"collection":[{"href":"https:\/\/colombiainteligente.org\/es_co\/wp-json\/wp\/v2\/product"}],"about":[{"href":"https:\/\/colombiainteligente.org\/es_co\/wp-json\/wp\/v2\/types\/product"}],"replies":[{"embeddable":true,"href":"https:\/\/colombiainteligente.org\/es_co\/wp-json\/wp\/v2\/comments?post=66498"}],"wp:featuredmedia":[{"embeddable":true,"href":"https:\/\/colombiainteligente.org\/es_co\/wp-json\/wp\/v2\/media\/66500"}],"wp:attachment":[{"href":"https:\/\/colombiainteligente.org\/es_co\/wp-json\/wp\/v2\/media?parent=66498"}],"wp:term":[{"taxonomy":"product_cat","embeddable":true,"href":"https:\/\/colombiainteligente.org\/es_co\/wp-json\/wp\/v2\/product_cat?post=66498"},{"taxonomy":"product_tag","embeddable":true,"href":"https:\/\/colombiainteligente.org\/es_co\/wp-json\/wp\/v2\/product_tag?post=66498"}],"curies":[{"name":"wp","href":"https:\/\/api.w.org\/{rel}","templated":true}]}}